{"id":78324,"date":"2018-01-09T10:22:11","date_gmt":"2018-01-09T09:22:11","guid":{"rendered":"http:\/\/www.sba.it\/inverno-2017-2018\/"},"modified":"2021-11-08T11:44:18","modified_gmt":"2021-11-08T10:44:18","slug":"inverno-2017-2018","status":"publish","type":"page","link":"https:\/\/www.sba.it\/zh-hans\/inverno-2017-2018\/","title":{"rendered":"Inverno 2017-2018"},"content":{"rendered":"<p style=\"text-align: center;\"><strong><span style=\"font-family: 'courier new', courier; color: #993300; font-size: 18pt;\">Inverno 2017 &#8211; 2018 a Cortina d&#8217;Ampezzo<\/span><\/strong><\/p>\n<p style=\"text-align: center;\"><span style=\"font-size: 12pt;\"><strong><span style=\"font-family: 'courier new', courier;\">24 dicembre &#8211; 7 gennaio<\/span><\/strong><\/span><\/p>\n<p style=\"text-align: center;\"><span style=\"font-size: 14pt;\"><strong><span style=\"font-family: 'courier new', courier;\">Le Muse 1<\/span><\/strong><\/span><\/p>\n<p style=\"text-align: center;\"><span style=\"font-size: 10pt;\"><span style=\"font-family: 'courier new', courier;\">Corso Italia, 21<\/span><\/span><\/p>\n<p style=\"text-align: center;\"><span style=\"font-size: 10pt;\"><span style=\"font-family: 'courier new', courier;\"><img decoding=\"async\" class=\" size-full wp-image-2941\" src=\"http:\/\/www.sba.it\/wp-content\/uploads\/2018\/01\/images_eventi_Pannello_CORSO_ITALIA_NATALE__2017_bis.jpg\" alt=\"Pannello CORSO ITALIA NATALE 2017 bis\" width=\"1000\" height=\"539\" srcset=\"https:\/\/www.sba.it\/wp-content\/uploads\/2018\/01\/images_eventi_Pannello_CORSO_ITALIA_NATALE__2017_bis.jpg 1474w, https:\/\/www.sba.it\/wp-content\/uploads\/2018\/01\/images_eventi_Pannello_CORSO_ITALIA_NATALE__2017_bis-300x162.jpg 300w, https:\/\/www.sba.it\/wp-content\/uploads\/2018\/01\/images_eventi_Pannello_CORSO_ITALIA_NATALE__2017_bis-768x414.jpg 768w, https:\/\/www.sba.it\/wp-content\/uploads\/2018\/01\/images_eventi_Pannello_CORSO_ITALIA_NATALE__2017_bis-1024x552.jpg 1024w\" sizes=\"(max-width: 1000px) 100vw, 1000px\" \/><\/span><\/span><\/p>\n<p style=\"text-align: center;\" align=\"center\"><strong><span style=\"font-size: 14pt; font-family: 'Courier New';\">Le Muse 2<\/span><\/strong><\/p>\n<p style=\"text-align: center;\" align=\"center\"><span style=\"font-size: 8.5pt; font-family: Verdana, sans-serif;\">\u00a0<\/span><span style=\"font-size: 10pt; font-family: 'Courier New';\">Piazza Silvestro Franceschi, 6<\/span><\/p>\n<p style=\"text-align: center;\" align=\"center\"><span style=\"font-size: 10pt; font-family: 'Courier New';\"><img decoding=\"async\" class=\" size-full wp-image-13\" src=\"http:\/\/www.sba.it\/wp-content\/uploads\/2017\/01\/images_eventi_Poster_mostra_Le_Muse_2_inverno_2017_bis.jpg\" alt=\"Poster mostra Le Muse 2 inverno 2017 bis\" width=\"681\" height=\"908\" \/><\/span><\/p>\n","protected":false},"excerpt":{"rendered":"<p>Inverno 2017 &#8211; [&hellip;]<\/p>\n","protected":false},"author":2,"featured_media":2942,"parent":0,"menu_order":1,"comment_status":"closed","ping_status":"closed","template":"","meta":{"_monsterinsights_skip_tracking":false,"_monsterinsights_sitenote_active":false,"_monsterinsights_sitenote_note":"","_monsterinsights_sitenote_category":0,"footnotes":""},"class_list":["post-78324","page","type-page","status-publish","has-post-thumbnail","hentry","page_category-2018-zh-hans"],"yoast_head":"<!-- This site is optimized with the Yoast SEO plugin v27.5 - https:\/\/yoast.com\/product\/yoast-seo-wordpress\/ -->\n<title>Inverno 2017-2018 - Societ\u00e0 di Belle Arti<\/title>\n<meta name=\"description\" content=\"Mostre nelle gallerie della Societ\u00e0 di Belle Ari a Cortina d&#039;Ampezzo, Le Muse 1 e le Muse 2 gallerie d&#039;arte della Societ\u00e0 di Belle Arti\" \/>\n<meta name=\"robots\" content=\"index, follow, max-snippet:-1, max-image-preview:large, max-video-preview:-1\" \/>\n<link rel=\"canonical\" href=\"https:\/\/www.sba.it\/zh-hans\/inverno-2017-2018\/\" \/>\n<meta property=\"og:locale\" content=\"zh_CN\" \/>\n<meta property=\"og:type\" content=\"article\" \/>\n<meta property=\"og:title\" content=\"Inverno 2017-2018 - Societ\u00e0 di Belle Arti\" \/>\n<meta property=\"og:description\" content=\"Mostre nelle gallerie della Societ\u00e0 di Belle Ari a Cortina d&#039;Ampezzo, Le Muse 1 e le Muse 2 gallerie d&#039;arte della Societ\u00e0 di Belle Arti\" \/>\n<meta property=\"og:url\" content=\"https:\/\/www.sba.it\/zh-hans\/inverno-2017-2018\/\" \/>\n<meta property=\"og:site_name\" content=\"Societ\u00e0 di Belle Arti\" \/>\n<meta property=\"article:publisher\" content=\"https:\/\/www.facebook.com\/pitturaitaliana800e900\/\" \/>\n<meta property=\"article:modified_time\" content=\"2021-11-08T10:44:18+00:00\" \/>\n<meta property=\"og:image\" content=\"https:\/\/www.sba.it\/wp-content\/uploads\/2018\/01\/images_eventi_Pannello_CORSO_ITALIA_NATALE__2017_bis.jpg\" \/>\n\t<meta property=\"og:image:width\" content=\"1474\" \/>\n\t<meta property=\"og:image:height\" content=\"794\" \/>\n\t<meta property=\"og:image:type\" content=\"image\/jpeg\" \/>\n<meta name=\"twitter:card\" content=\"summary_large_image\" \/>\n<meta name=\"twitter:site\" content=\"@SocietaArti\" \/>\n<script type=\"application\/ld+json\" class=\"yoast-schema-graph\">{\"@context\":\"https:\\\/\\\/schema.org\",\"@graph\":[{\"@type\":\"WebPage\",\"@id\":\"https:\\\/\\\/www.sba.it\\\/zh-hans\\\/inverno-2017-2018\\\/\",\"url\":\"https:\\\/\\\/www.sba.it\\\/zh-hans\\\/inverno-2017-2018\\\/\",\"name\":\"Inverno 2017-2018 - Societ\u00e0 di Belle Arti\",\"isPartOf\":{\"@id\":\"https:\\\/\\\/www.sba.it\\\/#website\"},\"primaryImageOfPage\":{\"@id\":\"https:\\\/\\\/www.sba.it\\\/zh-hans\\\/inverno-2017-2018\\\/#primaryimage\"},\"image\":{\"@id\":\"https:\\\/\\\/www.sba.it\\\/zh-hans\\\/inverno-2017-2018\\\/#primaryimage\"},\"thumbnailUrl\":\"https:\\\/\\\/www.sba.it\\\/wp-content\\\/uploads\\\/2018\\\/01\\\/images_eventi_Pannello_CORSO_ITALIA_NATALE__2017_bis.jpg\",\"datePublished\":\"2018-01-09T09:22:11+00:00\",\"dateModified\":\"2021-11-08T10:44:18+00:00\",\"description\":\"Mostre nelle gallerie della Societ\u00e0 di Belle Ari a Cortina d'Ampezzo, Le Muse 1 e le Muse 2 gallerie d'arte della Societ\u00e0 di Belle Arti\",\"breadcrumb\":{\"@id\":\"https:\\\/\\\/www.sba.it\\\/zh-hans\\\/inverno-2017-2018\\\/#breadcrumb\"},\"inLanguage\":\"zh-Hans\",\"potentialAction\":[{\"@type\":\"ReadAction\",\"target\":[\"https:\\\/\\\/www.sba.it\\\/zh-hans\\\/inverno-2017-2018\\\/\"]}]},{\"@type\":\"ImageObject\",\"inLanguage\":\"zh-Hans\",\"@id\":\"https:\\\/\\\/www.sba.it\\\/zh-hans\\\/inverno-2017-2018\\\/#primaryimage\",\"url\":\"https:\\\/\\\/www.sba.it\\\/wp-content\\\/uploads\\\/2018\\\/01\\\/images_eventi_Pannello_CORSO_ITALIA_NATALE__2017_bis.jpg\",\"contentUrl\":\"https:\\\/\\\/www.sba.it\\\/wp-content\\\/uploads\\\/2018\\\/01\\\/images_eventi_Pannello_CORSO_ITALIA_NATALE__2017_bis.jpg\",\"width\":1474,\"height\":794},{\"@type\":\"BreadcrumbList\",\"@id\":\"https:\\\/\\\/www.sba.it\\\/zh-hans\\\/inverno-2017-2018\\\/#breadcrumb\",\"itemListElement\":[{\"@type\":\"ListItem\",\"position\":1,\"name\":\"Home\",\"item\":\"https:\\\/\\\/www.sba.it\\\/zh-hans\\\/\"},{\"@type\":\"ListItem\",\"position\":2,\"name\":\"Inverno 2017-2018\"}]},{\"@type\":\"WebSite\",\"@id\":\"https:\\\/\\\/www.sba.it\\\/#website\",\"url\":\"https:\\\/\\\/www.sba.it\\\/\",\"name\":\"Societ\u00e0 di Belle Arti\",\"description\":\"Quadri macchiaioli e del 800 e 900 in vendita\",\"publisher\":{\"@id\":\"https:\\\/\\\/www.sba.it\\\/#organization\"},\"potentialAction\":[{\"@type\":\"SearchAction\",\"target\":{\"@type\":\"EntryPoint\",\"urlTemplate\":\"https:\\\/\\\/www.sba.it\\\/?s={search_term_string}\"},\"query-input\":{\"@type\":\"PropertyValueSpecification\",\"valueRequired\":true,\"valueName\":\"search_term_string\"}}],\"inLanguage\":\"zh-Hans\"},{\"@type\":\"Organization\",\"@id\":\"https:\\\/\\\/www.sba.it\\\/#organization\",\"name\":\"Societ\u00e0 di Belle Arti\",\"url\":\"https:\\\/\\\/www.sba.it\\\/\",\"logo\":{\"@type\":\"ImageObject\",\"inLanguage\":\"zh-Hans\",\"@id\":\"https:\\\/\\\/www.sba.it\\\/#\\\/schema\\\/logo\\\/image\\\/\",\"url\":\"https:\\\/\\\/www.sba.it\\\/wp-content\\\/uploads\\\/2019\\\/04\\\/Logo-rosso_nero.png\",\"contentUrl\":\"https:\\\/\\\/www.sba.it\\\/wp-content\\\/uploads\\\/2019\\\/04\\\/Logo-rosso_nero.png\",\"width\":2532,\"height\":1137,\"caption\":\"Societ\u00e0 di Belle Arti\"},\"image\":{\"@id\":\"https:\\\/\\\/www.sba.it\\\/#\\\/schema\\\/logo\\\/image\\\/\"},\"sameAs\":[\"https:\\\/\\\/www.facebook.com\\\/pitturaitaliana800e900\\\/\",\"https:\\\/\\\/x.com\\\/SocietaArti\",\"https:\\\/\\\/www.instagram.com\\\/societadibellearti\",\"https:\\\/\\\/www.linkedin.com\\\/in\\\/societ\u00e0-di-belle-arti-363aa8191\\\/\",\"https:\\\/\\\/www.youtube.com\\\/channel\\\/UC6fJlk-ajwhsnEIICATyXaQ\"]}]}<\/script>\n<!-- \/ Yoast SEO plugin. -->","yoast_head_json":{"title":"Inverno 2017-2018 - Societ\u00e0 di Belle Arti","description":"Mostre nelle gallerie della Societ\u00e0 di Belle Ari a Cortina d'Ampezzo, Le Muse 1 e le Muse 2 gallerie d'arte della Societ\u00e0 di Belle Arti","robots":{"index":"index","follow":"follow","max-snippet":"max-snippet:-1","max-image-preview":"max-image-preview:large","max-video-preview":"max-video-preview:-1"},"canonical":"https:\/\/www.sba.it\/zh-hans\/inverno-2017-2018\/","og_locale":"zh_CN","og_type":"article","og_title":"Inverno 2017-2018 - Societ\u00e0 di Belle Arti","og_description":"Mostre nelle gallerie della Societ\u00e0 di Belle Ari a Cortina d'Ampezzo, Le Muse 1 e le Muse 2 gallerie d'arte della Societ\u00e0 di Belle Arti","og_url":"https:\/\/www.sba.it\/zh-hans\/inverno-2017-2018\/","og_site_name":"Societ\u00e0 di Belle Arti","article_publisher":"https:\/\/www.facebook.com\/pitturaitaliana800e900\/","article_modified_time":"2021-11-08T10:44:18+00:00","og_image":[{"width":1474,"height":794,"url":"https:\/\/www.sba.it\/wp-content\/uploads\/2018\/01\/images_eventi_Pannello_CORSO_ITALIA_NATALE__2017_bis.jpg","type":"image\/jpeg"}],"twitter_card":"summary_large_image","twitter_site":"@SocietaArti","schema":{"@context":"https:\/\/schema.org","@graph":[{"@type":"WebPage","@id":"https:\/\/www.sba.it\/zh-hans\/inverno-2017-2018\/","url":"https:\/\/www.sba.it\/zh-hans\/inverno-2017-2018\/","name":"Inverno 2017-2018 - Societ\u00e0 di Belle Arti","isPartOf":{"@id":"https:\/\/www.sba.it\/#website"},"primaryImageOfPage":{"@id":"https:\/\/www.sba.it\/zh-hans\/inverno-2017-2018\/#primaryimage"},"image":{"@id":"https:\/\/www.sba.it\/zh-hans\/inverno-2017-2018\/#primaryimage"},"thumbnailUrl":"https:\/\/www.sba.it\/wp-content\/uploads\/2018\/01\/images_eventi_Pannello_CORSO_ITALIA_NATALE__2017_bis.jpg","datePublished":"2018-01-09T09:22:11+00:00","dateModified":"2021-11-08T10:44:18+00:00","description":"Mostre nelle gallerie della Societ\u00e0 di Belle Ari a Cortina d'Ampezzo, Le Muse 1 e le Muse 2 gallerie d'arte della Societ\u00e0 di Belle Arti","breadcrumb":{"@id":"https:\/\/www.sba.it\/zh-hans\/inverno-2017-2018\/#breadcrumb"},"inLanguage":"zh-Hans","potentialAction":[{"@type":"ReadAction","target":["https:\/\/www.sba.it\/zh-hans\/inverno-2017-2018\/"]}]},{"@type":"ImageObject","inLanguage":"zh-Hans","@id":"https:\/\/www.sba.it\/zh-hans\/inverno-2017-2018\/#primaryimage","url":"https:\/\/www.sba.it\/wp-content\/uploads\/2018\/01\/images_eventi_Pannello_CORSO_ITALIA_NATALE__2017_bis.jpg","contentUrl":"https:\/\/www.sba.it\/wp-content\/uploads\/2018\/01\/images_eventi_Pannello_CORSO_ITALIA_NATALE__2017_bis.jpg","width":1474,"height":794},{"@type":"BreadcrumbList","@id":"https:\/\/www.sba.it\/zh-hans\/inverno-2017-2018\/#breadcrumb","itemListElement":[{"@type":"ListItem","position":1,"name":"Home","item":"https:\/\/www.sba.it\/zh-hans\/"},{"@type":"ListItem","position":2,"name":"Inverno 2017-2018"}]},{"@type":"WebSite","@id":"https:\/\/www.sba.it\/#website","url":"https:\/\/www.sba.it\/","name":"Societ\u00e0 di Belle Arti","description":"Quadri macchiaioli e del 800 e 900 in vendita","publisher":{"@id":"https:\/\/www.sba.it\/#organization"},"potentialAction":[{"@type":"SearchAction","target":{"@type":"EntryPoint","urlTemplate":"https:\/\/www.sba.it\/?s={search_term_string}"},"query-input":{"@type":"PropertyValueSpecification","valueRequired":true,"valueName":"search_term_string"}}],"inLanguage":"zh-Hans"},{"@type":"Organization","@id":"https:\/\/www.sba.it\/#organization","name":"Societ\u00e0 di Belle Arti","url":"https:\/\/www.sba.it\/","logo":{"@type":"ImageObject","inLanguage":"zh-Hans","@id":"https:\/\/www.sba.it\/#\/schema\/logo\/image\/","url":"https:\/\/www.sba.it\/wp-content\/uploads\/2019\/04\/Logo-rosso_nero.png","contentUrl":"https:\/\/www.sba.it\/wp-content\/uploads\/2019\/04\/Logo-rosso_nero.png","width":2532,"height":1137,"caption":"Societ\u00e0 di Belle Arti"},"image":{"@id":"https:\/\/www.sba.it\/#\/schema\/logo\/image\/"},"sameAs":["https:\/\/www.facebook.com\/pitturaitaliana800e900\/","https:\/\/x.com\/SocietaArti","https:\/\/www.instagram.com\/societadibellearti","https:\/\/www.linkedin.com\/in\/societ\u00e0-di-belle-arti-363aa8191\/","https:\/\/www.youtube.com\/channel\/UC6fJlk-ajwhsnEIICATyXaQ"]}]}},"_links":{"self":[{"href":"https:\/\/www.sba.it\/zh-hans\/wp-json\/wp\/v2\/pages\/78324","targetHints":{"allow":["GET"]}}],"collection":[{"href":"https:\/\/www.sba.it\/zh-hans\/wp-json\/wp\/v2\/pages"}],"about":[{"href":"https:\/\/www.sba.it\/zh-hans\/wp-json\/wp\/v2\/types\/page"}],"author":[{"embeddable":true,"href":"https:\/\/www.sba.it\/zh-hans\/wp-json\/wp\/v2\/users\/2"}],"replies":[{"embeddable":true,"href":"https:\/\/www.sba.it\/zh-hans\/wp-json\/wp\/v2\/comments?post=78324"}],"version-history":[{"count":2,"href":"https:\/\/www.sba.it\/zh-hans\/wp-json\/wp\/v2\/pages\/78324\/revisions"}],"predecessor-version":[{"id":89486,"href":"https:\/\/www.sba.it\/zh-hans\/wp-json\/wp\/v2\/pages\/78324\/revisions\/89486"}],"wp:featuredmedia":[{"embeddable":true,"href":"https:\/\/www.sba.it\/zh-hans\/wp-json\/wp\/v2\/media\/2942"}],"wp:attachment":[{"href":"https:\/\/www.sba.it\/zh-hans\/wp-json\/wp\/v2\/media?parent=78324"}],"curies":[{"name":"wp","href":"https:\/\/api.w.org\/{rel}","templated":true}]}}