{"id":75733,"date":"2018-06-05T08:02:20","date_gmt":"2018-06-05T06:02:20","guid":{"rendered":"http:\/\/www.sba.it\/vittorio-zecchin-biografia-quadri-vendita-stima-perizie-dipinti-di-vittorio-zecchin\/"},"modified":"2020-05-21T10:40:13","modified_gmt":"2020-05-21T08:40:13","slug":"vittorio-zecchin-biografia-quadri-vendita-stima-perizie-dipinti-di-vittorio-zecchin","status":"publish","type":"page","link":"https:\/\/www.sba.it\/zh-hans\/%e8%89%ba%e6%9c%af%e5%ae%b6\/vittorio-zecchin-biografia-quadri-vendita-stima-perizie-dipinti-di-vittorio-zecchin\/","title":{"rendered":"Zecchin Vittorio (1878-1947). Biografia. Quadri in vendita."},"content":{"rendered":"<p style=\"text-align: justify;\"><span style=\"font-size: 12pt; line-height: 115%; font-family: 'Times New Roman', serif;\"><img decoding=\"async\" class=\" alignleft size-full wp-image-3297\" style=\"margin-right: 20px; float: left;\" src=\"http:\/\/www.sba.it\/wp-content\/uploads\/2018\/06\/images_artisti_Vittorio-Zecchin-foto.jpg\" alt=\"Vittorio-Zecchin-foto\" width=\"300\" height=\"300\" srcset=\"https:\/\/www.sba.it\/wp-content\/uploads\/2018\/06\/images_artisti_Vittorio-Zecchin-foto.jpg 300w, https:\/\/www.sba.it\/wp-content\/uploads\/2018\/06\/images_artisti_Vittorio-Zecchin-foto-150x150.jpg 150w, https:\/\/www.sba.it\/wp-content\/uploads\/2018\/06\/images_artisti_Vittorio-Zecchin-foto-100x100.jpg 100w\" sizes=\"(max-width: 300px) 100vw, 300px\" \/><\/span>Vittorio Zecchin nacque a Murano nel 1878. All\u2019Accademia di Belle Arti di Venezia frequent\u00f2 le lezioni di paesaggio di <a href=\"http:\/\/www.sba.it\/guglielmo-ciardi-biografia-quadri-in-vendita-valutazione-stima-perizia-certificata-di-dipinti-di-guglielmo-ciardi\/\">Guglielmo Ciardi<\/a>, non\u00a0 sostenendo per\u00f2\u00a0 l\u2019esame finale. Segu\u00ec poi il corso di Ornato di Augusto Sezanne . Lontano dalla pittura tardo naturalista di area veneta, dimostr\u00f2 uno stile decisamente affine ad Arnold B\u00f6cklin, evidente nell\u2019Autoritratto del 1903. Ad influenzare la sua pittura contribu\u00ec l\u2019incontro con l\u2019olandese Jan Toorop alla Biennale del 1905 e l\u2019altro con Gustav Klimt avvenuto cinque anni pi\u00f9 tardi. Partecipando alle mostre organizzate dalla Fondazione Bevilacqua la Masa a Ca\u2019 Pesaro, Vittorio Zecchin ebbe modo di confrontarsi anche con il gruppo \u201cL\u2019Aratro\u201d e, soprattutto, con il suo fondatore Teodoro Woolf Ferarri. Prese parte alla mostra di Monaco nel 1913 e alle esposizioni della Secessione romana dal 1913 al \u201815.<\/p>\n<p>Nel 1914 esegu\u00ec il ciclo decorativo Le Mille e una notte per l\u2019Hotel Terminus di Venezia, definito il capolavoro liberty della citt\u00e0. Si distinse anche per la realizzazione degli arazzi, la cui produzione fu avviata nella sede-laboratorio di San Donato, frequentata da <a href=\"https:\/\/www.vittoriale.it\/gabriele-dannunzio\">Gabriele D\u2019Annunzio<\/a> e poi ampliata\u00a0 presso le fondamenta dei vetrai. Distintosi anche nella realizzazione di oggetti artistici in vetro,\u00a0 fece parte della direzione della vetreria Cappellini &amp; C., continuando a collaborare con altre prestigiose vetrerie come la Barovier e la Fratelli Toso.<\/p>\n<p>Mor\u00ec a Murano nel 1947.<\/p>\n<p>&nbsp;<\/p>\n<h3 style=\"font-size: 12pt;\"><a href=\"https:\/\/www.sba.it\/zh-hans\/%e8%89%ba%e6%9c%af%e6%9d%b0%e4%bd%9c\/\">CATALOGO OPERE\u00a0<\/a> | \u00a0<a href=\"https:\/\/www.sba.it\/zh-hans\/%e5%87%ba%e5%94%ae\/\">VUOI VENDERE O COMPRARE UN QUADRO DI QUESTO ARTISTA?<\/a><\/h3>\n","protected":false},"excerpt":{"rendered":"<p>Vittorio Zecchin nac [&hellip;]<\/p>\n","protected":false},"author":2,"featured_media":3298,"parent":73502,"menu_order":7,"comment_status":"closed","ping_status":"closed","template":"","meta":{"_monsterinsights_skip_tracking":false,"_monsterinsights_sitenote_active":false,"_monsterinsights_sitenote_note":"","_monsterinsights_sitenote_category":0,"footnotes":""},"class_list":["post-75733","page","type-page","status-publish","has-post-thumbnail","hentry","page_category-1275"],"yoast_head":"<!-- This site is optimized with the Yoast SEO plugin v27.5 - https:\/\/yoast.com\/product\/yoast-seo-wordpress\/ -->\n<title>Zecchin Vittorio (1878-1947). Biografia. Quadri in vendita.<\/title>\n<meta name=\"description\" content=\"Vittorio Zecchin biografia e quadri in vendita, Vittorio Zecchin vendita quadri online, vendita dipinti del 900 veneto e dei quadri italiani del 900\" \/>\n<meta name=\"robots\" content=\"index, follow, max-snippet:-1, max-image-preview:large, max-video-preview:-1\" \/>\n<link rel=\"canonical\" href=\"https:\/\/www.sba.it\/zh-hans\/\u827a\u672f\u5bb6\/vittorio-zecchin-biografia-quadri-vendita-stima-perizie-dipinti-di-vittorio-zecchin\/\" \/>\n<meta property=\"og:locale\" content=\"zh_CN\" \/>\n<meta property=\"og:type\" content=\"article\" \/>\n<meta property=\"og:title\" content=\"Zecchin Vittorio (1878-1947). Biografia. Quadri in vendita.\" \/>\n<meta property=\"og:description\" content=\"Vittorio Zecchin biografia e quadri in vendita, Vittorio Zecchin vendita quadri online, vendita dipinti del 900 veneto e dei quadri italiani del 900\" \/>\n<meta property=\"og:url\" content=\"https:\/\/www.sba.it\/zh-hans\/\u827a\u672f\u5bb6\/vittorio-zecchin-biografia-quadri-vendita-stima-perizie-dipinti-di-vittorio-zecchin\/\" \/>\n<meta property=\"og:site_name\" content=\"Societ\u00e0 di Belle Arti\" \/>\n<meta property=\"article:publisher\" content=\"https:\/\/www.facebook.com\/pitturaitaliana800e900\/\" \/>\n<meta property=\"article:modified_time\" content=\"2020-05-21T08:40:13+00:00\" \/>\n<meta property=\"og:image\" content=\"https:\/\/www.sba.it\/wp-content\/uploads\/2018\/06\/images_artisti_Vittorio-Zecchin-foto.jpg\" \/>\n\t<meta property=\"og:image:width\" content=\"300\" \/>\n\t<meta property=\"og:image:height\" content=\"300\" \/>\n\t<meta property=\"og:image:type\" content=\"image\/jpeg\" \/>\n<meta name=\"twitter:card\" content=\"summary_large_image\" \/>\n<meta name=\"twitter:site\" content=\"@SocietaArti\" \/>\n<meta name=\"twitter:label1\" content=\"\u9884\u8ba1\u9605\u8bfb\u65f6\u95f4\" \/>\n\t<meta name=\"twitter:data1\" content=\"1 \u5206\" \/>\n<script type=\"application\/ld+json\" class=\"yoast-schema-graph\">{\"@context\":\"https:\\\/\\\/schema.org\",\"@graph\":[{\"@type\":\"WebPage\",\"@id\":\"https:\\\/\\\/www.sba.it\\\/zh-hans\\\/%e8%89%ba%e6%9c%af%e5%ae%b6\\\/vittorio-zecchin-biografia-quadri-vendita-stima-perizie-dipinti-di-vittorio-zecchin\\\/\",\"url\":\"https:\\\/\\\/www.sba.it\\\/zh-hans\\\/%e8%89%ba%e6%9c%af%e5%ae%b6\\\/vittorio-zecchin-biografia-quadri-vendita-stima-perizie-dipinti-di-vittorio-zecchin\\\/\",\"name\":\"Zecchin Vittorio (1878-1947). Biografia. Quadri in vendita.\",\"isPartOf\":{\"@id\":\"https:\\\/\\\/www.sba.it\\\/#website\"},\"primaryImageOfPage\":{\"@id\":\"https:\\\/\\\/www.sba.it\\\/zh-hans\\\/%e8%89%ba%e6%9c%af%e5%ae%b6\\\/vittorio-zecchin-biografia-quadri-vendita-stima-perizie-dipinti-di-vittorio-zecchin\\\/#primaryimage\"},\"image\":{\"@id\":\"https:\\\/\\\/www.sba.it\\\/zh-hans\\\/%e8%89%ba%e6%9c%af%e5%ae%b6\\\/vittorio-zecchin-biografia-quadri-vendita-stima-perizie-dipinti-di-vittorio-zecchin\\\/#primaryimage\"},\"thumbnailUrl\":\"https:\\\/\\\/www.sba.it\\\/wp-content\\\/uploads\\\/2018\\\/06\\\/images_artisti_Vittorio-Zecchin-foto.jpg\",\"datePublished\":\"2018-06-05T06:02:20+00:00\",\"dateModified\":\"2020-05-21T08:40:13+00:00\",\"description\":\"Vittorio Zecchin biografia e quadri in vendita, Vittorio Zecchin vendita quadri online, vendita dipinti del 900 veneto e dei quadri italiani del 900\",\"breadcrumb\":{\"@id\":\"https:\\\/\\\/www.sba.it\\\/zh-hans\\\/%e8%89%ba%e6%9c%af%e5%ae%b6\\\/vittorio-zecchin-biografia-quadri-vendita-stima-perizie-dipinti-di-vittorio-zecchin\\\/#breadcrumb\"},\"inLanguage\":\"zh-Hans\",\"potentialAction\":[{\"@type\":\"ReadAction\",\"target\":[\"https:\\\/\\\/www.sba.it\\\/zh-hans\\\/%e8%89%ba%e6%9c%af%e5%ae%b6\\\/vittorio-zecchin-biografia-quadri-vendita-stima-perizie-dipinti-di-vittorio-zecchin\\\/\"]}]},{\"@type\":\"ImageObject\",\"inLanguage\":\"zh-Hans\",\"@id\":\"https:\\\/\\\/www.sba.it\\\/zh-hans\\\/%e8%89%ba%e6%9c%af%e5%ae%b6\\\/vittorio-zecchin-biografia-quadri-vendita-stima-perizie-dipinti-di-vittorio-zecchin\\\/#primaryimage\",\"url\":\"https:\\\/\\\/www.sba.it\\\/wp-content\\\/uploads\\\/2018\\\/06\\\/images_artisti_Vittorio-Zecchin-foto.jpg\",\"contentUrl\":\"https:\\\/\\\/www.sba.it\\\/wp-content\\\/uploads\\\/2018\\\/06\\\/images_artisti_Vittorio-Zecchin-foto.jpg\",\"width\":300,\"height\":300,\"caption\":\"Foto del pittore Vittorio Zecchin\"},{\"@type\":\"BreadcrumbList\",\"@id\":\"https:\\\/\\\/www.sba.it\\\/zh-hans\\\/%e8%89%ba%e6%9c%af%e5%ae%b6\\\/vittorio-zecchin-biografia-quadri-vendita-stima-perizie-dipinti-di-vittorio-zecchin\\\/#breadcrumb\",\"itemListElement\":[{\"@type\":\"ListItem\",\"position\":1,\"name\":\"Home\",\"item\":\"https:\\\/\\\/www.sba.it\\\/zh-hans\\\/\"},{\"@type\":\"ListItem\",\"position\":2,\"name\":\"\u827a\u672f\u5bb6\",\"item\":\"https:\\\/\\\/www.sba.it\\\/zh-hans\\\/%e8%89%ba%e6%9c%af%e5%ae%b6\\\/\"},{\"@type\":\"ListItem\",\"position\":3,\"name\":\"Zecchin Vittorio (1878-1947). Biografia. Quadri in vendita.\"}]},{\"@type\":\"WebSite\",\"@id\":\"https:\\\/\\\/www.sba.it\\\/#website\",\"url\":\"https:\\\/\\\/www.sba.it\\\/\",\"name\":\"Societ\u00e0 di Belle Arti\",\"description\":\"Quadri macchiaioli e del 800 e 900 in vendita\",\"publisher\":{\"@id\":\"https:\\\/\\\/www.sba.it\\\/#organization\"},\"potentialAction\":[{\"@type\":\"SearchAction\",\"target\":{\"@type\":\"EntryPoint\",\"urlTemplate\":\"https:\\\/\\\/www.sba.it\\\/?s={search_term_string}\"},\"query-input\":{\"@type\":\"PropertyValueSpecification\",\"valueRequired\":true,\"valueName\":\"search_term_string\"}}],\"inLanguage\":\"zh-Hans\"},{\"@type\":\"Organization\",\"@id\":\"https:\\\/\\\/www.sba.it\\\/#organization\",\"name\":\"Societ\u00e0 di Belle Arti\",\"url\":\"https:\\\/\\\/www.sba.it\\\/\",\"logo\":{\"@type\":\"ImageObject\",\"inLanguage\":\"zh-Hans\",\"@id\":\"https:\\\/\\\/www.sba.it\\\/#\\\/schema\\\/logo\\\/image\\\/\",\"url\":\"https:\\\/\\\/www.sba.it\\\/wp-content\\\/uploads\\\/2019\\\/04\\\/Logo-rosso_nero.png\",\"contentUrl\":\"https:\\\/\\\/www.sba.it\\\/wp-content\\\/uploads\\\/2019\\\/04\\\/Logo-rosso_nero.png\",\"width\":2532,\"height\":1137,\"caption\":\"Societ\u00e0 di Belle Arti\"},\"image\":{\"@id\":\"https:\\\/\\\/www.sba.it\\\/#\\\/schema\\\/logo\\\/image\\\/\"},\"sameAs\":[\"https:\\\/\\\/www.facebook.com\\\/pitturaitaliana800e900\\\/\",\"https:\\\/\\\/x.com\\\/SocietaArti\",\"https:\\\/\\\/www.instagram.com\\\/societadibellearti\",\"https:\\\/\\\/www.linkedin.com\\\/in\\\/societ\u00e0-di-belle-arti-363aa8191\\\/\",\"https:\\\/\\\/www.youtube.com\\\/channel\\\/UC6fJlk-ajwhsnEIICATyXaQ\"]}]}<\/script>\n<!-- \/ Yoast SEO plugin. -->","yoast_head_json":{"title":"Zecchin Vittorio (1878-1947). Biografia. Quadri in vendita.","description":"Vittorio Zecchin biografia e quadri in vendita, Vittorio Zecchin vendita quadri online, vendita dipinti del 900 veneto e dei quadri italiani del 900","robots":{"index":"index","follow":"follow","max-snippet":"max-snippet:-1","max-image-preview":"max-image-preview:large","max-video-preview":"max-video-preview:-1"},"canonical":"https:\/\/www.sba.it\/zh-hans\/\u827a\u672f\u5bb6\/vittorio-zecchin-biografia-quadri-vendita-stima-perizie-dipinti-di-vittorio-zecchin\/","og_locale":"zh_CN","og_type":"article","og_title":"Zecchin Vittorio (1878-1947). Biografia. Quadri in vendita.","og_description":"Vittorio Zecchin biografia e quadri in vendita, Vittorio Zecchin vendita quadri online, vendita dipinti del 900 veneto e dei quadri italiani del 900","og_url":"https:\/\/www.sba.it\/zh-hans\/\u827a\u672f\u5bb6\/vittorio-zecchin-biografia-quadri-vendita-stima-perizie-dipinti-di-vittorio-zecchin\/","og_site_name":"Societ\u00e0 di Belle Arti","article_publisher":"https:\/\/www.facebook.com\/pitturaitaliana800e900\/","article_modified_time":"2020-05-21T08:40:13+00:00","og_image":[{"width":300,"height":300,"url":"https:\/\/www.sba.it\/wp-content\/uploads\/2018\/06\/images_artisti_Vittorio-Zecchin-foto.jpg","type":"image\/jpeg"}],"twitter_card":"summary_large_image","twitter_site":"@SocietaArti","twitter_misc":{"\u9884\u8ba1\u9605\u8bfb\u65f6\u95f4":"1 \u5206"},"schema":{"@context":"https:\/\/schema.org","@graph":[{"@type":"WebPage","@id":"https:\/\/www.sba.it\/zh-hans\/%e8%89%ba%e6%9c%af%e5%ae%b6\/vittorio-zecchin-biografia-quadri-vendita-stima-perizie-dipinti-di-vittorio-zecchin\/","url":"https:\/\/www.sba.it\/zh-hans\/%e8%89%ba%e6%9c%af%e5%ae%b6\/vittorio-zecchin-biografia-quadri-vendita-stima-perizie-dipinti-di-vittorio-zecchin\/","name":"Zecchin Vittorio (1878-1947). Biografia. Quadri in vendita.","isPartOf":{"@id":"https:\/\/www.sba.it\/#website"},"primaryImageOfPage":{"@id":"https:\/\/www.sba.it\/zh-hans\/%e8%89%ba%e6%9c%af%e5%ae%b6\/vittorio-zecchin-biografia-quadri-vendita-stima-perizie-dipinti-di-vittorio-zecchin\/#primaryimage"},"image":{"@id":"https:\/\/www.sba.it\/zh-hans\/%e8%89%ba%e6%9c%af%e5%ae%b6\/vittorio-zecchin-biografia-quadri-vendita-stima-perizie-dipinti-di-vittorio-zecchin\/#primaryimage"},"thumbnailUrl":"https:\/\/www.sba.it\/wp-content\/uploads\/2018\/06\/images_artisti_Vittorio-Zecchin-foto.jpg","datePublished":"2018-06-05T06:02:20+00:00","dateModified":"2020-05-21T08:40:13+00:00","description":"Vittorio Zecchin biografia e quadri in vendita, Vittorio Zecchin vendita quadri online, vendita dipinti del 900 veneto e dei quadri italiani del 900","breadcrumb":{"@id":"https:\/\/www.sba.it\/zh-hans\/%e8%89%ba%e6%9c%af%e5%ae%b6\/vittorio-zecchin-biografia-quadri-vendita-stima-perizie-dipinti-di-vittorio-zecchin\/#breadcrumb"},"inLanguage":"zh-Hans","potentialAction":[{"@type":"ReadAction","target":["https:\/\/www.sba.it\/zh-hans\/%e8%89%ba%e6%9c%af%e5%ae%b6\/vittorio-zecchin-biografia-quadri-vendita-stima-perizie-dipinti-di-vittorio-zecchin\/"]}]},{"@type":"ImageObject","inLanguage":"zh-Hans","@id":"https:\/\/www.sba.it\/zh-hans\/%e8%89%ba%e6%9c%af%e5%ae%b6\/vittorio-zecchin-biografia-quadri-vendita-stima-perizie-dipinti-di-vittorio-zecchin\/#primaryimage","url":"https:\/\/www.sba.it\/wp-content\/uploads\/2018\/06\/images_artisti_Vittorio-Zecchin-foto.jpg","contentUrl":"https:\/\/www.sba.it\/wp-content\/uploads\/2018\/06\/images_artisti_Vittorio-Zecchin-foto.jpg","width":300,"height":300,"caption":"Foto del pittore Vittorio Zecchin"},{"@type":"BreadcrumbList","@id":"https:\/\/www.sba.it\/zh-hans\/%e8%89%ba%e6%9c%af%e5%ae%b6\/vittorio-zecchin-biografia-quadri-vendita-stima-perizie-dipinti-di-vittorio-zecchin\/#breadcrumb","itemListElement":[{"@type":"ListItem","position":1,"name":"Home","item":"https:\/\/www.sba.it\/zh-hans\/"},{"@type":"ListItem","position":2,"name":"\u827a\u672f\u5bb6","item":"https:\/\/www.sba.it\/zh-hans\/%e8%89%ba%e6%9c%af%e5%ae%b6\/"},{"@type":"ListItem","position":3,"name":"Zecchin Vittorio (1878-1947). Biografia. Quadri in vendita."}]},{"@type":"WebSite","@id":"https:\/\/www.sba.it\/#website","url":"https:\/\/www.sba.it\/","name":"Societ\u00e0 di Belle Arti","description":"Quadri macchiaioli e del 800 e 900 in vendita","publisher":{"@id":"https:\/\/www.sba.it\/#organization"},"potentialAction":[{"@type":"SearchAction","target":{"@type":"EntryPoint","urlTemplate":"https:\/\/www.sba.it\/?s={search_term_string}"},"query-input":{"@type":"PropertyValueSpecification","valueRequired":true,"valueName":"search_term_string"}}],"inLanguage":"zh-Hans"},{"@type":"Organization","@id":"https:\/\/www.sba.it\/#organization","name":"Societ\u00e0 di Belle Arti","url":"https:\/\/www.sba.it\/","logo":{"@type":"ImageObject","inLanguage":"zh-Hans","@id":"https:\/\/www.sba.it\/#\/schema\/logo\/image\/","url":"https:\/\/www.sba.it\/wp-content\/uploads\/2019\/04\/Logo-rosso_nero.png","contentUrl":"https:\/\/www.sba.it\/wp-content\/uploads\/2019\/04\/Logo-rosso_nero.png","width":2532,"height":1137,"caption":"Societ\u00e0 di Belle Arti"},"image":{"@id":"https:\/\/www.sba.it\/#\/schema\/logo\/image\/"},"sameAs":["https:\/\/www.facebook.com\/pitturaitaliana800e900\/","https:\/\/x.com\/SocietaArti","https:\/\/www.instagram.com\/societadibellearti","https:\/\/www.linkedin.com\/in\/societ\u00e0-di-belle-arti-363aa8191\/","https:\/\/www.youtube.com\/channel\/UC6fJlk-ajwhsnEIICATyXaQ"]}]}},"_links":{"self":[{"href":"https:\/\/www.sba.it\/zh-hans\/wp-json\/wp\/v2\/pages\/75733","targetHints":{"allow":["GET"]}}],"collection":[{"href":"https:\/\/www.sba.it\/zh-hans\/wp-json\/wp\/v2\/pages"}],"about":[{"href":"https:\/\/www.sba.it\/zh-hans\/wp-json\/wp\/v2\/types\/page"}],"author":[{"embeddable":true,"href":"https:\/\/www.sba.it\/zh-hans\/wp-json\/wp\/v2\/users\/2"}],"replies":[{"embeddable":true,"href":"https:\/\/www.sba.it\/zh-hans\/wp-json\/wp\/v2\/comments?post=75733"}],"version-history":[{"count":4,"href":"https:\/\/www.sba.it\/zh-hans\/wp-json\/wp\/v2\/pages\/75733\/revisions"}],"predecessor-version":[{"id":86355,"href":"https:\/\/www.sba.it\/zh-hans\/wp-json\/wp\/v2\/pages\/75733\/revisions\/86355"}],"up":[{"embeddable":true,"href":"https:\/\/www.sba.it\/zh-hans\/wp-json\/wp\/v2\/pages\/73502"}],"wp:featuredmedia":[{"embeddable":true,"href":"https:\/\/www.sba.it\/zh-hans\/wp-json\/wp\/v2\/media\/3298"}],"wp:attachment":[{"href":"https:\/\/www.sba.it\/zh-hans\/wp-json\/wp\/v2\/media?parent=75733"}],"curies":[{"name":"wp","href":"https:\/\/api.w.org\/{rel}","templated":true}]}}