{"id":78275,"date":"2018-10-02T10:34:43","date_gmt":"2018-10-02T08:34:43","guid":{"rendered":"http:\/\/www.sba.it\/?page_id=78275"},"modified":"2018-10-02T10:37:39","modified_gmt":"2018-10-02T08:37:39","slug":"%d1%81%d0%b0%d0%b1%d0%b0-%d0%bd%d0%b0-%d0%be%d1%84%d0%b8%d1%86%d0%b8%d0%b0%d0%bb%d1%8c%d0%bd%d1%8b%d0%b5-%d0%b2%d1%8b%d1%81%d1%82%d0%b0%d0%b2%d0%ba%d0%b8","status":"publish","type":"page","link":"https:\/\/www.sba.it\/ru\/%d1%81%d0%b0%d0%b1%d0%b0-%d0%bd%d0%b0-%d0%be%d1%84%d0%b8%d1%86%d0%b8%d0%b0%d0%bb%d1%8c%d0%bd%d1%8b%d0%b5-%d0%b2%d1%8b%d1%81%d1%82%d0%b0%d0%b2%d0%ba%d0%b8\/","title":{"rendered":"\u0421\u0410\u0411\u0410 \u041d\u0410 \u041e\u0424\u0418\u0426\u0418\u0410\u041b\u042c\u041d\u042b\u0415 \u0412\u042b\u0421\u0422\u0410\u0412\u041a\u0418"},"content":{"rendered":"<div class=\"wpb-content-wrapper\"><p>[vc_row][vc_column width=&#187;1\/1&#8243;][uncode_block id=&#187;6223&#8243;][\/vc_column][\/vc_row][vc_row][vc_column][vc_column_text]\u0411\u043b\u0430\u0433\u043e\u0434\u0430\u0440\u044f \u0441\u0432\u043e\u0435\u043c\u0443 \u043a\u043e\u043d\u0441\u043e\u043b\u0438\u0434\u0438\u0440\u043e\u0432\u0430\u043d\u043d\u043e\u043c\u0443 \u043e\u043f\u044b\u0442\u0443, <strong>Societ\u00e0 di Belle Arti<\/strong> \u0447\u0430\u0441\u0442\u043e \u043f\u0440\u0438\u0437\u0432\u0430\u043d\u0430 \u0441\u043e\u0442\u0440\u0443\u0434\u043d\u0438\u0447\u0430\u0442\u044c \u0441 \u0433\u043e\u0441\u0443\u0434\u0430\u0440\u0441\u0442\u0432\u0435\u043d\u043d\u044b\u043c\u0438 \u0438 \u0447\u0430\u0441\u0442\u043d\u044b\u043c\u0438 \u043e\u0440\u0433\u0430\u043d\u0430\u043c\u0438 \u0438 \u0443\u0447\u0440\u0435\u0436\u0434\u0435\u043d\u0438\u044f\u043c\u0438 \u0434\u043b\u044f \u043f\u0440\u043e\u0432\u0435\u0434\u0435\u043d\u0438\u044f \u0432\u0430\u0436\u043d\u044b\u0445 \u0432\u044b\u0441\u0442\u0430\u0432\u043e\u0447\u043d\u044b\u0445 \u043c\u0435\u0440\u043e\u043f\u0440\u0438\u044f\u0442\u0438\u0439.<\/p>\n<p><a href=\"http:\/\/www.mart.tn.it\/viaggioinitalia\"><strong>Viaggio in Italia. I paesaggisti dell&#8217;Ottocento dai Macchiaioli ai Simbolisti<\/strong><\/a><br \/>\nRovereto, MART &#8212; 21 aprile &#8212; 26 agosto 2018<\/p>\n<p><a href=\"https:\/\/www.magnanirocca.it\/pasini\/\"><strong>Suggestioni di terre lontane. Alberto Pasini in dialogo con l&#8217;Oriente<\/strong><\/a><br \/>\nMamiano di Traversetolo (Parma), Fondazione Magnani Rocca, 17 marzo &#8212; 1 luglio 2018<\/p>\n<p><a href=\"http:\/\/www.gallerieditalia.com\/it\/napoli\/da-de-nittis-a-gemito\/\"><strong>Da De Nittis a Gemito. Napoletani a Parigi<\/strong><\/a><br \/>\nNapoli, Gallerie d&#8217;Italia, 6 dicembre 2017 &#8212; 8 aprile 2018<\/p>\n<p><a href=\"http:\/\/www.mart.trento.it\/realismomagico\"><strong>Realismo magico. L&#8217;arte italiana tra metafisica e nuova oggettivit\u00e0<\/strong><\/a><br \/>\nRovereto, MART, 1 dicembre 2017 &#8212; 2 aprile 2018<br \/>\n<a href=\"http:\/\/www.aise.it\/primo-piano\/fantastico-realismo-magico-italiano-a-helsinki\/112738\/160\">http:\/\/www.aise.it\/primo-piano\/fantastico-realismo-magico-italiano-a-helsinki\/112738\/160<\/a><br \/>\nAteneum, Helsinki, 10 maggio &#8212; 19 agosto 2018<\/p>\n<p><a href=\"http:\/\/www.palp-pontedera.it\/la-trottola-e-il-robot-tra-balla-casorati-e-capogrossi\/\"><strong>La Trottola e il Robot. Tra Balla, Casorati e Capogrossi<\/strong><\/a><br \/>\nPontedera, Palazzo Pretorio, 11 novembre 2017 &#8212; 22 aprile 2018<\/p>\n<p><strong><a href=\"https:\/\/www.comune.pistoia.it\/10412\/Giovanni-Boldini--La-stagione-della-Falconiera\">Giovanni Boldini. La stagione della Falconiera<\/a><br \/>\n<\/strong>Pistoia, Antico Palazzo dei Vescovi, 9 settembre 2017 &#8212; 6 gennaio 2018<\/p>\n<p><strong><a href=\"https:\/\/www.ferragamo.com\/museo\/it\/ita\">1927. Il ritorno in Italia<\/a><br \/>\n<\/strong>Firenze, Museo Salvatore Ferragamo, 19 maggio 2018 &#8212; 2 maggio 2018<\/p>\n<p><strong><a href=\"http:\/\/www.sba.it\/lloyd-paesaggi-toscani-del-novecento\/\">LLoyd. Paesaggi toscani del Novecento<\/a><br \/>\n<\/strong>Firenze, Villa Bardini, 14 luglio 2017 &#8212; 7 gennaio 2018<\/p>\n<p><a href=\"http:\/\/www.sba.it\/plinio-nomellini-dal-divisionismo-al-simbolismo\/\"><strong>Plinio Nomellini. Dal Divisionismo al Simbolismo verso la libert\u00e0 del colore.<\/strong><\/a><br \/>\nSeravezza, Palazzo Mediceo, 14 luglio &#8212; 5 novembre 2017<\/p>\n<p><a href=\"http:\/\/viaggi.corriere.it\/viaggi\/eventi-news\/art-deco-una-grande-mostra-a-forli\/\"><strong>Art D\u00e9co. Gli anni ruggenti in Italia<\/strong><\/a><br \/>\nForl\u00ec Museo San Domenico, 11 febbraio &#8212; 18 giugno 2017<\/p>\n<p><a href=\"http:\/\/www.fondazioneaccorsi-ometto.it\/it\/mostra-futurismo\/ex\/\"><strong>Dal Futurismo al ritorno all&#8217;ordine<\/strong><\/a><br \/>\nTorino, Fondazione Accorsi &#8212; Ometto, 1 marzo &#8212; 2 luglio 2017<\/p>\n<p><a href=\"http:\/\/www.zabarella.it\/mostre\/zandomeneghi\/\"><strong>Zandomeneghi. Dalla venezia di Canova alla Parigi degli Impressionisti<\/strong><\/a><br \/>\nPadova, Palazzo Zabarella, 1 ottobre 2016 &#8212; 29 gennaio 2017<\/p>\n<p><a href=\"http:\/\/www.arte.it\/calendario-arte\/firenze\/mostra-scoperte-e-massacri-ardengo-soffici-e-le-avanguardie-a-firenze-23361\"><strong>Scoperte e massacri. Ardengo Soffici e l&#8217;Impressionismo a Firenze<\/strong><\/a><br \/>\nFirenze, Gallerie degli Uffizi, 26 settembre 2016- 8 gennaio 2017<\/p>\n<p><a href=\"http:\/\/www.palazzoroverella.com\/prossima-mostra\/\"><strong>Il fascino della semplicit\u00e0 . Gauguin i Nabis da Tahiti alla Biennale<\/strong><\/a><br \/>\nRovigo, Palazzo Roverella, 17 settembre 2016 &#8212; 14 gennaio 2017<\/p>\n<p><a href=\"http:\/\/www.mostrefondazioneforli.it\/archivio\/piero-della-francesca\/it\/piero_della_francesca_indagine_su_un_mito\/index.html\"><strong>Piero della Francesca. Indagine su un mito.<\/strong><\/a><br \/>\nForl\u00ec, Musei di San Domenico 12 febbraio &#8212; 26 giugno 2016<\/p>\n<p><a href=\"https:\/\/www.chiostrodelbramante.it\/post_mostra\/i-macchiaioli-le-collezioni-svelate-ita\/\"><strong>I Macchiaioli. Le collezioni svelate.<\/strong><\/a><br \/>\nRoma, Chiostro del Bramante, 16 marzo &#8212; 4 settembre 2016<\/p>\n<p><a href=\"http:\/\/www.terremedicee.it\/eventi_detail.php?idEv=358\"><strong>Primo Conti. Un enfant prodige all&#8217;alba del Novecento. Dagli esordi agli anni Trenta<\/strong><\/a><br \/>\nSeravezza, Palazzo Mediceo, 9 luglio &#8212; 2 ottobre 2016<\/p>\n<p><a href=\"http:\/\/www.zabarella.it\/mostre\/le-prossime-mostre\/fattori\/\"><strong>Fattori<\/strong><\/a><br \/>\nPadova, Palazzo Zabarella, 24 ottobre 2015- 28 marzo 2016<\/p>\n<p><strong>Arte e lavoro tra Ottocento e Novecento<\/strong><br \/>\nPontedera, Museo Piaggio \u201cGiovanni Alberto Agnelli\u201d, 28 dicembre 2006 \u2013 15 aprile 2007<\/p>\n<p><strong>Estate Incantata. Ram e Thayaht da Parigi a Casa Bianca<br \/>\n<\/strong>Forte dei Marmi, Il Fortino, 14 luglio \u2013 24 settembre 2006<\/p>\n<p><strong>Zandomeneghi. Un veneziano tra gli Impressionisti<br \/>\n<\/strong>Roma, Chiostro del Bramante, 5 novembre 2005 \u2013 5 marzo 2006<\/p>\n<p><strong>Romantici e Macchiaioli. Giuseppe Mazzini e la grande pittura europea<br \/>\n<\/strong>Genova, palazzo Ducale, 21 ottobre 2005 \u2013 12 febbraio 2006<\/p>\n<p><strong>Boldini<br \/>\n<\/strong>Padova, Palazzo Zabarella, 15 gennaio \u2013 29 maggio 2005<br \/>\nRoma, Galleria Nazionale d\u2019Arte Moderna, 22 giugno \u2013 25 settembre 2005<\/p>\n<p><strong>Paesaggi. Visioni e interpretazioni della natura nell\u2019arte italiana dell\u2019Ottocento<br \/>\n<\/strong>Pavia, Castello Visconteo, 27 novembre 2004 \u2013 3 aprile 2005<\/p>\n<p><strong>Dai Macchiaioli agli Impressionisti<\/strong>. <strong>Il mondo di Zandomeneghi<br \/>\n<\/strong>Castiglioncello, Castello Pasquini, 17 luglio \u2013 31 ottobre 2004<\/p>\n<p><strong>La scuola di Micheli: da Modigliani a Lloyd<br \/>\n<\/strong>Marina di Pietrasanta, Villa la Versiliana, 3 luglio \u2013 29 agosto 2004<br \/>\nLivorno, Granai e scuderie di Villa Mimbelli, 18 settembre \u2013 21 novembre 2004<\/p>\n<p><strong>Il Belpaese. L&#8217;Italia dal Risorgimento alla Grande Guerra, dai Macchiaioli ai Futuristi<br \/>\n<\/strong>Ravenna, MAR- Museo d&#8217;Arte della Citt\u00e0 di Ravenna, 22 febbraio &#8212; 4 giugno 2015<\/p>\n<p><strong>Boldini. Dalla macchia a Parigi, lo spettacolo della modernit\u00e0<br \/>\n<\/strong>Forl\u00ec, musei di san domenico, 1 febbraio -14 giugno 2015<\/p>\n<p><strong>L&#8217;Illusione di Sciltian<br \/>\n<\/strong>Firenze, Villa Bardini, 2 aprile &#8212; 20 settembre 2015<\/p>\n<p><strong>I Macchiaioli 1850-1874. Impressionisti italiani?<br \/>\n<\/strong>Parigi, Museo dell&#8217;Orangerie, 10 aprile-22 luglio 2013<br \/>\nMadrid, Fondazione MAPFRE, 12 settembre 2013 \u2013 5 gennaio 2014<\/p>\n<p><strong>Arte e vita in Italia tra le due guerre<br \/>\n<\/strong>Forl\u00ec, Musei di San Domenico, 2 febbraio-16 giugno 2013<\/p>\n<p><strong>De Nittis<br \/>\n<\/strong>Padova, Palazzo Zabarella 19 gennaio -26 maggio 2013<\/p>\n<p><strong>Anni Trenta. Le arti in Italia durante il fascismo<br \/>\n<\/strong>Firenze, Palazzo Strozzi, 14 settembre 2012-27 gennaio 2013<\/p>\n<p><strong>La Patria, l\u2019Arte, la Donna. Francesco Saverio Altamura e la pittura dell\u2019Ottocento in Italia<br \/>\n<\/strong>Foggia, Palazzo della Dogana &#8212; Museo Civico, 10 novembre 2012 -13 gennaio 2013<\/p>\n<p><strong>Giapponismo. Suggestioni d\u2019oriente dai Macchiaioli agli anni Trenta<br \/>\n<\/strong>Firenze, Galleria d\u2019Arte Moderna di Palazzo Pitti 3 aprile &#8212; 1 luglio 2012<\/p>\n<p><strong>Da Fattori al Novecento. Opere inedite dalla collezione Roster Del Greco Olschki<br \/>\n<\/strong>Firenze, Villa Bardini, 1 aprile -4 novembre 2012<\/p>\n<p><strong>Pittori del Risorgimento per Roma. 1848-1870<br \/>\n<\/strong>Roma, Palazzo Braschi, 18 settembre 2011-9 gennaio 2012<\/p>\n<p><strong>La Bella Italia. Arte e identit\u00e0 delle citt\u00e0 capitali<br \/>\n<\/strong>Torino,La Venaria Reale , 17 marzo 2011 \u2013 11 settembre 2011<br \/>\nFirenze, Palazzo Pitti 11 ottobre 2011 \u2013 12 febbraio 2012<\/p>\n<p><strong>Alfred Muller un ineffabile dandy dell\u2019Impressionismo<br \/>\n<\/strong>Livorno, Villa Mimbelli, 26 febbraio 2011 \u2013 25 aprile 2011<\/p>\n<p><strong>Novecento Sedotto. Il fascino del seicento tra le due guerre<br \/>\n<\/strong>Firenze, Villa Bardini, 15 dicembre 2010 \u2013 1 Maggio 2011<\/p>\n<p><strong>Giuseppe De Nittis. La modernit\u00e9 \u00e9l\u00e9gante<br \/>\n<\/strong>Parigi, Petit Palais, mus\u00e9e des Beaux-Arts de la Ville de Paris 21 ottobre 2010-16 gennaio2011<br \/>\nParma, Palazzo del governatore, 6 febbraio-8 maggio 2011<\/p>\n<p><strong>1861. I Pittori del Risorgimento<br \/>\n<\/strong>Roma, Scuderie del Quirinale, 5 ottobre 2010 \u2013 16 gennaio 2011<\/p>\n<p><strong>Garibaldi. Mito e realt\u00e0<br \/>\n<\/strong>Palermo, Galleria Nazionale Arte Moderna di Palermo presso Complesso monumentale Sant\u2019Anna, 27 maggio \u2013 27 giugno 2010<\/p>\n<p><strong>Giacomo Favretto. Venezia fascino e seduzione<br \/>\n<\/strong>DART Chiostro del Bramante,\u00a0Roma 16 aprile &#8212; 4 luglio 2010<br \/>\nMuseo Correr, Venezia, 31 luglio-21 novembre 2010<\/p>\n<p><strong>Boldini e gli Italiani a Parigi. Tra realt\u00e0 e impressione<br \/>\n<\/strong>Roma, Chiostro del Bramante, 15 novembre 2009 \u2013 11 aprile 2010<\/p>\n<p><strong>Telemaco Signorini e la pittura in Europa<br \/>\n<\/strong>Padova, Palazzo Zabarella, 19 settembre 2009-31 gennaio 2010<\/p>\n<p><strong>Lorenzo Viani. La collezione Bargellini e altre testimonianze<br \/>\n<\/strong>Firenze, Sala delle Colonne, Ente Cassa di Risparmio di Firenze, 25 settembre -3 novembre 2009<br \/>\nViareggio, Galleria di Arte Moderna e Contemporanea \u201cLorenzo Viani\u201d, 12 novembre \u2013 13 dicembre 2009<\/p>\n<p><strong>La Belle Epoque. Arte in Italia 1880-1915<br \/>\n<\/strong>Rovigo, Palazzo Roverella, 10 febbraio- 13 luglio 2008<\/p>\n<p><strong>Ottocento. Da Canova al Quarto Stato<br \/>\n<\/strong>Roma, Scuderie del Quirinale, 28 febbraio \u2013 10 giugno 2008<\/p>\n<p><strong>Capolavori che ritornano<br \/>\n<\/strong>Roma, Fondazione Memmo \u2013 Palazzo Ruspoli, 27 febbraio \u2013 29 giugno 2008<\/p>\n<p><strong>I Macchiaioli. Sentimenti del vero<br \/>\n<\/strong>Roma, Chiostro del Bramante, 10 ottobre 2007 \u2013 3 febbraio 2008<\/p>\n<p><strong>Soffici 1907-2007. Cento anni dal ritorno in Italia<br \/>\n<\/strong>Poggio a Caiano, Scuderie Medicee, 28 aprile \u2013 8 luglio 2007<\/p>\n<p><strong>Vincenzo Cabianca e la civilt\u00e0 dei Macchiaioli<br \/>\n<\/strong>Orvieto, Palazzo Coelli, 5 aprile \u2013 1 luglio 2007<br \/>\nFirenze, Villa Bardini, 12 luglio \u2013 14 ottobre 2007<\/p>\n<p><strong>Silvestro Lega. I Macchiaioli e il Quattrocento<br \/>\n<\/strong>Forl\u00ec,Musei San Domenico, 14 gennaio \u2013 24 giugno 2007<\/p>\n<p><strong>Arte e lavoro tra Ottocento e Novecento<br \/>\n<\/strong>Pontedera, Museo Piaggio \u201cGiovanni Alberto Agnelli\u201d, 28 dicembre 2006 \u2013 15 aprile 2007<\/p>\n<p><strong>Estate Incantata. Ram e Thayaht da Parigi a Casa Bianca<\/strong><br \/>\nForte dei Marmi, Il Fortino, 14 luglio \u2013 24 settembre 2006<\/p>\n<p><strong>Zandomeneghi. Un veneziano tra gli Impressionisti<\/strong><br \/>\nRoma, Chiostro del Bramante, 5 novembre 2005 \u2013 5 marzo 2006<\/p>\n<p><strong>Romantici e Macchiaioli. Giuseppe Mazzini e la grande pittura europea<\/strong><br \/>\nGenova, palazzo Ducale, 21 ottobre 2005 \u2013 12 febbraio 2006<\/p>\n<p><strong>Boldini<\/strong><br \/>\nPadova, Palazzo Zabarella, 15 gennaio \u2013 29 maggio 2005<br \/>\nRoma, Galleria Nazionale d\u2019Arte Moderna, 22 giugno \u2013 25 settembre 2005<\/p>\n<p><strong>Paesaggi. Visioni e interpretazioni della natura nell\u2019arte italiana dell\u2019Ottocento<\/strong><br \/>\nPavia, Castello Visconteo, 27 novembre 2004 \u2013 3 aprile 2005<\/p>\n<p><strong>Dai Macchiaioli agli Impressionisti. Il mondo di Zandomeneghi<\/strong><br \/>\nCastiglioncello, Castello Pasquini, 17 luglio \u2013 31 ottobre 2004<\/p>\n<p><strong>La scuola di Micheli: da Modigliani a Lloyd<\/strong><br \/>\nMarina di Pietrasanta, Villa la Versiliana, 3 luglio \u2013 29 agosto 2004<br \/>\nLivorno, Granai e scuderie di Villa Mimbelli, 18 settembre \u2013 21 novembre 2004<\/p>\n<p>&nbsp;<\/p>\n<p>&nbsp;<\/p>\n<p>[\/vc_column_text][\/vc_column][\/vc_row]<\/p>\n<\/div>","protected":false},"excerpt":{"rendered":"<p>[vc_row][vc_column width=&#187;1\/1&#8243;][uncode_block id=&#187;6223&#8243;][\/vc_column][\/vc_row][vc_row][vc_column][vc_column_text]\u0411\u043b\u0430\u0433\u043e\u0434\u0430\u0440\u044f \u0441\u0432\u043e\u0435\u043c\u0443 \u043a\u043e\u043d\u0441\u043e\u043b\u0438\u0434\u0438\u0440\u043e\u0432\u0430\u043d\u043d\u043e\u043c\u0443 \u043e\u043f\u044b\u0442\u0443, Societ\u00e0 di Belle Arti \u0447\u0430\u0441\u0442\u043e \u043f\u0440\u0438\u0437\u0432\u0430\u043d\u0430 \u0441\u043e\u0442\u0440\u0443\u0434\u043d\u0438\u0447\u0430\u0442\u044c \u0441 \u0433\u043e\u0441\u0443\u0434\u0430\u0440\u0441\u0442\u0432\u0435\u043d\u043d\u044b\u043c\u0438 \u0438 \u0447\u0430\u0441\u0442\u043d\u044b\u043c\u0438 \u043e\u0440\u0433\u0430\u043d\u0430\u043c\u0438 \u0438 \u0443\u0447\u0440\u0435\u0436\u0434\u0435\u043d\u0438\u044f\u043c\u0438 [&hellip;]<\/p>\n","protected":false},"author":1,"featured_media":0,"parent":0,"menu_order":22,"comment_status":"closed","ping_status":"closed","template":"","meta":{"_monsterinsights_skip_tracking":false,"_monsterinsights_sitenote_active":false,"_monsterinsights_sitenote_note":"","_monsterinsights_sitenote_category":0,"footnotes":""},"class_list":["post-78275","page","type-page","status-publish","hentry"],"yoast_head":"<!-- This site is optimized with the Yoast SEO plugin v27.5 - https:\/\/yoast.com\/product\/yoast-seo-wordpress\/ -->\n<title>\u0421\u0410\u0411\u0410 \u041d\u0410 \u041e\u0424\u0418\u0426\u0418\u0410\u041b\u042c\u041d\u042b\u0415 \u0412\u042b\u0421\u0422\u0410\u0412\u041a\u0418 - Societ\u00e0 di Belle Arti<\/title>\n<meta name=\"robots\" content=\"index, follow, max-snippet:-1, max-image-preview:large, max-video-preview:-1\" \/>\n<link rel=\"canonical\" href=\"https:\/\/www.sba.it\/ru\/\u0441\u0430\u0431\u0430-\u043d\u0430-\u043e\u0444\u0438\u0446\u0438\u0430\u043b\u044c\u043d\u044b\u0435-\u0432\u044b\u0441\u0442\u0430\u0432\u043a\u0438\/\" \/>\n<meta property=\"og:locale\" content=\"ru_RU\" \/>\n<meta property=\"og:type\" content=\"article\" \/>\n<meta property=\"og:title\" content=\"\u0421\u0410\u0411\u0410 \u041d\u0410 \u041e\u0424\u0418\u0426\u0418\u0410\u041b\u042c\u041d\u042b\u0415 \u0412\u042b\u0421\u0422\u0410\u0412\u041a\u0418 - Societ\u00e0 di Belle Arti\" \/>\n<meta property=\"og:description\" content=\"[vc_row][vc_column width=&#187;1\/1&#8243;][uncode_block id=&#187;6223&#8243;][\/vc_column][\/vc_row][vc_row][vc_column][vc_column_text]\u0411\u043b\u0430\u0433\u043e\u0434\u0430\u0440\u044f \u0441\u0432\u043e\u0435\u043c\u0443 \u043a\u043e\u043d\u0441\u043e\u043b\u0438\u0434\u0438\u0440\u043e\u0432\u0430\u043d\u043d\u043e\u043c\u0443 \u043e\u043f\u044b\u0442\u0443, Societ\u00e0 di Belle Arti \u0447\u0430\u0441\u0442\u043e \u043f\u0440\u0438\u0437\u0432\u0430\u043d\u0430 \u0441\u043e\u0442\u0440\u0443\u0434\u043d\u0438\u0447\u0430\u0442\u044c \u0441 \u0433\u043e\u0441\u0443\u0434\u0430\u0440\u0441\u0442\u0432\u0435\u043d\u043d\u044b\u043c\u0438 \u0438 \u0447\u0430\u0441\u0442\u043d\u044b\u043c\u0438 \u043e\u0440\u0433\u0430\u043d\u0430\u043c\u0438 \u0438 \u0443\u0447\u0440\u0435\u0436\u0434\u0435\u043d\u0438\u044f\u043c\u0438 [&hellip;]\" \/>\n<meta property=\"og:url\" content=\"https:\/\/www.sba.it\/ru\/\u0441\u0430\u0431\u0430-\u043d\u0430-\u043e\u0444\u0438\u0446\u0438\u0430\u043b\u044c\u043d\u044b\u0435-\u0432\u044b\u0441\u0442\u0430\u0432\u043a\u0438\/\" \/>\n<meta property=\"og:site_name\" content=\"Societ\u00e0 di Belle Arti\" \/>\n<meta property=\"article:publisher\" content=\"https:\/\/www.facebook.com\/pitturaitaliana800e900\/\" \/>\n<meta property=\"article:modified_time\" content=\"2018-10-02T08:37:39+00:00\" \/>\n<meta name=\"twitter:card\" content=\"summary_large_image\" \/>\n<meta name=\"twitter:site\" content=\"@SocietaArti\" \/>\n<meta name=\"twitter:label1\" content=\"\u041f\u0440\u0438\u043c\u0435\u0440\u043d\u043e\u0435 \u0432\u0440\u0435\u043c\u044f \u0434\u043b\u044f \u0447\u0442\u0435\u043d\u0438\u044f\" \/>\n\t<meta name=\"twitter:data1\" content=\"5 \u043c\u0438\u043d\u0443\u0442\" \/>\n<script type=\"application\/ld+json\" class=\"yoast-schema-graph\">{\"@context\":\"https:\\\/\\\/schema.org\",\"@graph\":[{\"@type\":\"WebPage\",\"@id\":\"https:\\\/\\\/www.sba.it\\\/ru\\\/%d1%81%d0%b0%d0%b1%d0%b0-%d0%bd%d0%b0-%d0%be%d1%84%d0%b8%d1%86%d0%b8%d0%b0%d0%bb%d1%8c%d0%bd%d1%8b%d0%b5-%d0%b2%d1%8b%d1%81%d1%82%d0%b0%d0%b2%d0%ba%d0%b8\\\/\",\"url\":\"https:\\\/\\\/www.sba.it\\\/ru\\\/%d1%81%d0%b0%d0%b1%d0%b0-%d0%bd%d0%b0-%d0%be%d1%84%d0%b8%d1%86%d0%b8%d0%b0%d0%bb%d1%8c%d0%bd%d1%8b%d0%b5-%d0%b2%d1%8b%d1%81%d1%82%d0%b0%d0%b2%d0%ba%d0%b8\\\/\",\"name\":\"\u0421\u0410\u0411\u0410 \u041d\u0410 \u041e\u0424\u0418\u0426\u0418\u0410\u041b\u042c\u041d\u042b\u0415 \u0412\u042b\u0421\u0422\u0410\u0412\u041a\u0418 - Societ\u00e0 di Belle Arti\",\"isPartOf\":{\"@id\":\"https:\\\/\\\/www.sba.it\\\/#website\"},\"datePublished\":\"2018-10-02T08:34:43+00:00\",\"dateModified\":\"2018-10-02T08:37:39+00:00\",\"breadcrumb\":{\"@id\":\"https:\\\/\\\/www.sba.it\\\/ru\\\/%d1%81%d0%b0%d0%b1%d0%b0-%d0%bd%d0%b0-%d0%be%d1%84%d0%b8%d1%86%d0%b8%d0%b0%d0%bb%d1%8c%d0%bd%d1%8b%d0%b5-%d0%b2%d1%8b%d1%81%d1%82%d0%b0%d0%b2%d0%ba%d0%b8\\\/#breadcrumb\"},\"inLanguage\":\"ru-RU\",\"potentialAction\":[{\"@type\":\"ReadAction\",\"target\":[\"https:\\\/\\\/www.sba.it\\\/ru\\\/%d1%81%d0%b0%d0%b1%d0%b0-%d0%bd%d0%b0-%d0%be%d1%84%d0%b8%d1%86%d0%b8%d0%b0%d0%bb%d1%8c%d0%bd%d1%8b%d0%b5-%d0%b2%d1%8b%d1%81%d1%82%d0%b0%d0%b2%d0%ba%d0%b8\\\/\"]}]},{\"@type\":\"BreadcrumbList\",\"@id\":\"https:\\\/\\\/www.sba.it\\\/ru\\\/%d1%81%d0%b0%d0%b1%d0%b0-%d0%bd%d0%b0-%d0%be%d1%84%d0%b8%d1%86%d0%b8%d0%b0%d0%bb%d1%8c%d0%bd%d1%8b%d0%b5-%d0%b2%d1%8b%d1%81%d1%82%d0%b0%d0%b2%d0%ba%d0%b8\\\/#breadcrumb\",\"itemListElement\":[{\"@type\":\"ListItem\",\"position\":1,\"name\":\"Home\",\"item\":\"https:\\\/\\\/www.sba.it\\\/ru\\\/\"},{\"@type\":\"ListItem\",\"position\":2,\"name\":\"\u0421\u0410\u0411\u0410 \u041d\u0410 \u041e\u0424\u0418\u0426\u0418\u0410\u041b\u042c\u041d\u042b\u0415 \u0412\u042b\u0421\u0422\u0410\u0412\u041a\u0418\"}]},{\"@type\":\"WebSite\",\"@id\":\"https:\\\/\\\/www.sba.it\\\/#website\",\"url\":\"https:\\\/\\\/www.sba.it\\\/\",\"name\":\"Societ\u00e0 di Belle Arti\",\"description\":\"Quadri macchiaioli e del 800 e 900 in vendita\",\"publisher\":{\"@id\":\"https:\\\/\\\/www.sba.it\\\/#organization\"},\"potentialAction\":[{\"@type\":\"SearchAction\",\"target\":{\"@type\":\"EntryPoint\",\"urlTemplate\":\"https:\\\/\\\/www.sba.it\\\/?s={search_term_string}\"},\"query-input\":{\"@type\":\"PropertyValueSpecification\",\"valueRequired\":true,\"valueName\":\"search_term_string\"}}],\"inLanguage\":\"ru-RU\"},{\"@type\":\"Organization\",\"@id\":\"https:\\\/\\\/www.sba.it\\\/#organization\",\"name\":\"Societ\u00e0 di Belle Arti\",\"url\":\"https:\\\/\\\/www.sba.it\\\/\",\"logo\":{\"@type\":\"ImageObject\",\"inLanguage\":\"ru-RU\",\"@id\":\"https:\\\/\\\/www.sba.it\\\/#\\\/schema\\\/logo\\\/image\\\/\",\"url\":\"https:\\\/\\\/www.sba.it\\\/wp-content\\\/uploads\\\/2019\\\/04\\\/Logo-rosso_nero.png\",\"contentUrl\":\"https:\\\/\\\/www.sba.it\\\/wp-content\\\/uploads\\\/2019\\\/04\\\/Logo-rosso_nero.png\",\"width\":2532,\"height\":1137,\"caption\":\"Societ\u00e0 di Belle Arti\"},\"image\":{\"@id\":\"https:\\\/\\\/www.sba.it\\\/#\\\/schema\\\/logo\\\/image\\\/\"},\"sameAs\":[\"https:\\\/\\\/www.facebook.com\\\/pitturaitaliana800e900\\\/\",\"https:\\\/\\\/x.com\\\/SocietaArti\",\"https:\\\/\\\/www.instagram.com\\\/societadibellearti\",\"https:\\\/\\\/www.linkedin.com\\\/in\\\/societ\u00e0-di-belle-arti-363aa8191\\\/\",\"https:\\\/\\\/www.youtube.com\\\/channel\\\/UC6fJlk-ajwhsnEIICATyXaQ\"]}]}<\/script>\n<!-- \/ Yoast SEO plugin. -->","yoast_head_json":{"title":"\u0421\u0410\u0411\u0410 \u041d\u0410 \u041e\u0424\u0418\u0426\u0418\u0410\u041b\u042c\u041d\u042b\u0415 \u0412\u042b\u0421\u0422\u0410\u0412\u041a\u0418 - Societ\u00e0 di Belle Arti","robots":{"index":"index","follow":"follow","max-snippet":"max-snippet:-1","max-image-preview":"max-image-preview:large","max-video-preview":"max-video-preview:-1"},"canonical":"https:\/\/www.sba.it\/ru\/\u0441\u0430\u0431\u0430-\u043d\u0430-\u043e\u0444\u0438\u0446\u0438\u0430\u043b\u044c\u043d\u044b\u0435-\u0432\u044b\u0441\u0442\u0430\u0432\u043a\u0438\/","og_locale":"ru_RU","og_type":"article","og_title":"\u0421\u0410\u0411\u0410 \u041d\u0410 \u041e\u0424\u0418\u0426\u0418\u0410\u041b\u042c\u041d\u042b\u0415 \u0412\u042b\u0421\u0422\u0410\u0412\u041a\u0418 - Societ\u00e0 di Belle Arti","og_description":"[vc_row][vc_column width=&#187;1\/1&#8243;][uncode_block id=&#187;6223&#8243;][\/vc_column][\/vc_row][vc_row][vc_column][vc_column_text]\u0411\u043b\u0430\u0433\u043e\u0434\u0430\u0440\u044f \u0441\u0432\u043e\u0435\u043c\u0443 \u043a\u043e\u043d\u0441\u043e\u043b\u0438\u0434\u0438\u0440\u043e\u0432\u0430\u043d\u043d\u043e\u043c\u0443 \u043e\u043f\u044b\u0442\u0443, Societ\u00e0 di Belle Arti \u0447\u0430\u0441\u0442\u043e \u043f\u0440\u0438\u0437\u0432\u0430\u043d\u0430 \u0441\u043e\u0442\u0440\u0443\u0434\u043d\u0438\u0447\u0430\u0442\u044c \u0441 \u0433\u043e\u0441\u0443\u0434\u0430\u0440\u0441\u0442\u0432\u0435\u043d\u043d\u044b\u043c\u0438 \u0438 \u0447\u0430\u0441\u0442\u043d\u044b\u043c\u0438 \u043e\u0440\u0433\u0430\u043d\u0430\u043c\u0438 \u0438 \u0443\u0447\u0440\u0435\u0436\u0434\u0435\u043d\u0438\u044f\u043c\u0438 [&hellip;]","og_url":"https:\/\/www.sba.it\/ru\/\u0441\u0430\u0431\u0430-\u043d\u0430-\u043e\u0444\u0438\u0446\u0438\u0430\u043b\u044c\u043d\u044b\u0435-\u0432\u044b\u0441\u0442\u0430\u0432\u043a\u0438\/","og_site_name":"Societ\u00e0 di Belle Arti","article_publisher":"https:\/\/www.facebook.com\/pitturaitaliana800e900\/","article_modified_time":"2018-10-02T08:37:39+00:00","twitter_card":"summary_large_image","twitter_site":"@SocietaArti","twitter_misc":{"\u041f\u0440\u0438\u043c\u0435\u0440\u043d\u043e\u0435 \u0432\u0440\u0435\u043c\u044f \u0434\u043b\u044f \u0447\u0442\u0435\u043d\u0438\u044f":"5 \u043c\u0438\u043d\u0443\u0442"},"schema":{"@context":"https:\/\/schema.org","@graph":[{"@type":"WebPage","@id":"https:\/\/www.sba.it\/ru\/%d1%81%d0%b0%d0%b1%d0%b0-%d0%bd%d0%b0-%d0%be%d1%84%d0%b8%d1%86%d0%b8%d0%b0%d0%bb%d1%8c%d0%bd%d1%8b%d0%b5-%d0%b2%d1%8b%d1%81%d1%82%d0%b0%d0%b2%d0%ba%d0%b8\/","url":"https:\/\/www.sba.it\/ru\/%d1%81%d0%b0%d0%b1%d0%b0-%d0%bd%d0%b0-%d0%be%d1%84%d0%b8%d1%86%d0%b8%d0%b0%d0%bb%d1%8c%d0%bd%d1%8b%d0%b5-%d0%b2%d1%8b%d1%81%d1%82%d0%b0%d0%b2%d0%ba%d0%b8\/","name":"\u0421\u0410\u0411\u0410 \u041d\u0410 \u041e\u0424\u0418\u0426\u0418\u0410\u041b\u042c\u041d\u042b\u0415 \u0412\u042b\u0421\u0422\u0410\u0412\u041a\u0418 - Societ\u00e0 di Belle Arti","isPartOf":{"@id":"https:\/\/www.sba.it\/#website"},"datePublished":"2018-10-02T08:34:43+00:00","dateModified":"2018-10-02T08:37:39+00:00","breadcrumb":{"@id":"https:\/\/www.sba.it\/ru\/%d1%81%d0%b0%d0%b1%d0%b0-%d0%bd%d0%b0-%d0%be%d1%84%d0%b8%d1%86%d0%b8%d0%b0%d0%bb%d1%8c%d0%bd%d1%8b%d0%b5-%d0%b2%d1%8b%d1%81%d1%82%d0%b0%d0%b2%d0%ba%d0%b8\/#breadcrumb"},"inLanguage":"ru-RU","potentialAction":[{"@type":"ReadAction","target":["https:\/\/www.sba.it\/ru\/%d1%81%d0%b0%d0%b1%d0%b0-%d0%bd%d0%b0-%d0%be%d1%84%d0%b8%d1%86%d0%b8%d0%b0%d0%bb%d1%8c%d0%bd%d1%8b%d0%b5-%d0%b2%d1%8b%d1%81%d1%82%d0%b0%d0%b2%d0%ba%d0%b8\/"]}]},{"@type":"BreadcrumbList","@id":"https:\/\/www.sba.it\/ru\/%d1%81%d0%b0%d0%b1%d0%b0-%d0%bd%d0%b0-%d0%be%d1%84%d0%b8%d1%86%d0%b8%d0%b0%d0%bb%d1%8c%d0%bd%d1%8b%d0%b5-%d0%b2%d1%8b%d1%81%d1%82%d0%b0%d0%b2%d0%ba%d0%b8\/#breadcrumb","itemListElement":[{"@type":"ListItem","position":1,"name":"Home","item":"https:\/\/www.sba.it\/ru\/"},{"@type":"ListItem","position":2,"name":"\u0421\u0410\u0411\u0410 \u041d\u0410 \u041e\u0424\u0418\u0426\u0418\u0410\u041b\u042c\u041d\u042b\u0415 \u0412\u042b\u0421\u0422\u0410\u0412\u041a\u0418"}]},{"@type":"WebSite","@id":"https:\/\/www.sba.it\/#website","url":"https:\/\/www.sba.it\/","name":"Societ\u00e0 di Belle Arti","description":"Quadri macchiaioli e del 800 e 900 in vendita","publisher":{"@id":"https:\/\/www.sba.it\/#organization"},"potentialAction":[{"@type":"SearchAction","target":{"@type":"EntryPoint","urlTemplate":"https:\/\/www.sba.it\/?s={search_term_string}"},"query-input":{"@type":"PropertyValueSpecification","valueRequired":true,"valueName":"search_term_string"}}],"inLanguage":"ru-RU"},{"@type":"Organization","@id":"https:\/\/www.sba.it\/#organization","name":"Societ\u00e0 di Belle Arti","url":"https:\/\/www.sba.it\/","logo":{"@type":"ImageObject","inLanguage":"ru-RU","@id":"https:\/\/www.sba.it\/#\/schema\/logo\/image\/","url":"https:\/\/www.sba.it\/wp-content\/uploads\/2019\/04\/Logo-rosso_nero.png","contentUrl":"https:\/\/www.sba.it\/wp-content\/uploads\/2019\/04\/Logo-rosso_nero.png","width":2532,"height":1137,"caption":"Societ\u00e0 di Belle Arti"},"image":{"@id":"https:\/\/www.sba.it\/#\/schema\/logo\/image\/"},"sameAs":["https:\/\/www.facebook.com\/pitturaitaliana800e900\/","https:\/\/x.com\/SocietaArti","https:\/\/www.instagram.com\/societadibellearti","https:\/\/www.linkedin.com\/in\/societ\u00e0-di-belle-arti-363aa8191\/","https:\/\/www.youtube.com\/channel\/UC6fJlk-ajwhsnEIICATyXaQ"]}]}},"_links":{"self":[{"href":"https:\/\/www.sba.it\/ru\/wp-json\/wp\/v2\/pages\/78275","targetHints":{"allow":["GET"]}}],"collection":[{"href":"https:\/\/www.sba.it\/ru\/wp-json\/wp\/v2\/pages"}],"about":[{"href":"https:\/\/www.sba.it\/ru\/wp-json\/wp\/v2\/types\/page"}],"author":[{"embeddable":true,"href":"https:\/\/www.sba.it\/ru\/wp-json\/wp\/v2\/users\/1"}],"replies":[{"embeddable":true,"href":"https:\/\/www.sba.it\/ru\/wp-json\/wp\/v2\/comments?post=78275"}],"version-history":[{"count":2,"href":"https:\/\/www.sba.it\/ru\/wp-json\/wp\/v2\/pages\/78275\/revisions"}],"predecessor-version":[{"id":78285,"href":"https:\/\/www.sba.it\/ru\/wp-json\/wp\/v2\/pages\/78275\/revisions\/78285"}],"wp:attachment":[{"href":"https:\/\/www.sba.it\/ru\/wp-json\/wp\/v2\/media?parent=78275"}],"curies":[{"name":"wp","href":"https:\/\/api.w.org\/{rel}","templated":true}]}}