{"id":75044,"date":"2018-01-08T09:55:07","date_gmt":"2018-01-08T08:55:07","guid":{"rendered":"http:\/\/www.sba.it\/de-witt-antonio-biografia-quadri-in-vendita-stima-perizia-certificata-dipinti-antonio-de-witt\/"},"modified":"2021-10-29T10:31:14","modified_gmt":"2021-10-29T08:31:14","slug":"de-witt-antonio-biografia-quadri-in-vendita-stima-perizia-certificata-dipinti-antonio-de-witt","status":"publish","type":"page","link":"https:\/\/www.sba.it\/ru\/%d1%85%d1%83%d0%b4%d0%be%d0%b6%d0%bd%d0%b8%d0%ba%d0%b8\/de-witt-antonio-biografia-quadri-in-vendita-stima-perizia-certificata-dipinti-antonio-de-witt\/","title":{"rendered":"De Witt Antonio (1876-1967). Biografia. Quadri in vendita."},"content":{"rendered":"<p>&nbsp;<\/p>\n<p style=\"text-align: justify;\">Antonio Antony de Witt nacque a Livorno il 22 febbraio 1876. Matur\u00f2 l\u2019amore per la pittura grazie alla frequentazione di\u00a0<strong><a href=\"http:\/\/www.sba.it\/fattori-giovanni-biografia-quadri-macchiaioli-in-vendita-valutazione-stima-perizia-certificata-di-dipinti-di-giovanni-fattori\/\">Giovanni Fattori<\/a><\/strong>\u00a0e\u00a0<strong><a href=\"http:\/\/www.sba.it\/lega-silvestro-biografia-quadri-macchiaioli-in-vendita-valutazione-stima-perzia-certificata-dipinti-macchiaioli-silvestro-lega\/\">Silvestro Lega<\/a><\/strong>\u00a0spesso ospiti nelle tenute dei Gioli e dei Tommasi.<\/p>\n<p style=\"text-align: justify;\">Si leg\u00f2 particolarmente ad Adolfo dal quale ricevette consigli e insegnamenti sullo studio dal vero secondo i canoni macchiaioli. \u00a0E\u2019 molto probabile infatti che De Witt compia le sue prime prove pittoriche tra il 1890 e il 1895 con i dipinti <em>Case sotto la neve a Ferentina\u00a0<\/em> e <em>Ruscello in primavera<\/em>.<\/p>\n<p style=\"text-align: justify;\">Frequent\u00f2 il liceo G. B. Niccolini, dove conobbe Giovanni Pascoli che insegnava latino e greco, di cui divenne ben presto uno degli allievi preferiti.<\/p>\n<p style=\"text-align: justify;\">Con <strong>Attilio Pratella<\/strong> ed\u00a0<strong><a href=\"http:\/\/www.sba.it\/tommasi-adolfo-biografia-quadri-in-vendita-valutazione-stima-perizia-certificata-di-dipinti-di-tommasi-adolfo\/\">Adolfo Tommasi<\/a><\/strong>\u00a0partecip\u00f2 all\u2019allestimento grafico della terza edizione di Myricae (1894).<\/p>\n<p style=\"text-align: justify;\">La sua prima apparizione in pubblico risale al 1891 quando present\u00f2 alla Promotrice di Torino <em>Ruscello in primavera<\/em>; il dipinto, che gli procur\u00f2 le lodi di <a href=\"http:\/\/www.sba.it\/signorini-telemaco-biografia-quadri-in-vendita-macchiaioli-valutazione-stime-e-perizie-certificate-su-dipinti-macchiaioli-di-telemaco-signorini\/\"><strong>Signorini<\/strong><\/a>, fu acquistato dal Re per la Galleria d\u2019Arte Moderna di Firenze.<\/p>\n<p style=\"text-align: justify;\">Nel \u201997 consegu\u00ec la laurea in Scienze fisiche e naturali con una tesi in anatomia.<\/p>\n<p style=\"text-align: justify;\">Seguirono numerose partecipazioni a diverse rassegne: Triennale di Brera (1894), II Biennale di Venezia (1897) ed Esposizione Nazionale di Torino (1898). A seguito delle improvvise difficolt\u00e0 economiche, si impieg\u00f2 come insegnante di storia naturale. Lasciata cos\u00ec la Toscana, si trasfer\u00ec per due anni, fino al 1900. Nel 1901 partecip\u00f2 per la prima volta\u00a0 all\u2019Esposizione Internazionale di Venezia e, successivamente, si spost\u00f2 in Sardegna dove conobbe Carlotta Palombella che spos\u00f2 nel 1907.<\/p>\n<p style=\"text-align: justify;\">Realizz\u00f2 in questo periodo <em>Pomeriggio di primavera in Sardegna<\/em> che present\u00f2\u00a0 nel 1903 a Venezia riscuotendo consensi da parte della stampa.<\/p>\n<p style=\"text-align: justify;\">\u00a0La Galleria d\u2019Arte Moderna di Roma lo acquist\u00f2. Nel 1907 speriment\u00f2 la tecnica della xilografia con esiti notevoli &#8212; si ricordi i Simulacri de la Morte &#8212; grazie agli insegnamenti dell\u2019illustratore \u00a0Borricelli. Tornato in Toscana si stabil\u00ec a Lucca cominciando a frequentare <strong><a href=\"http:\/\/www.sba.it\/moses-levy-biografia-quadri-in-vendita-stime-valutazioni-perizie-certificate-su-dipinti-di-mose-levy\/\">Moses Levy<\/a>\u00a0e\u00a0<a href=\"http:\/\/www.sba.it\/viani-lorenzo-biografia-quadri-in-vendita-valutazione-stime-perizie-certificate-di-dipinti-di-lorenzo-viani\/\">Lorenzo Viani<\/a><\/strong>. Qui realizz\u00f2 <em>Piazza Lucca<\/em> (1916), il <em>Bagno delle educande<\/em>(1917), il famoso\u00a0<em>Autoritratto con sfondo di case a Lucca\u00a0<\/em>(1916), oltrech\u00e9 svariate xilografie.<\/p>\n<p style=\"text-align: justify;\">La morte prematura della moglie lo spinse ad abbandonare l\u2019Italia; si rec\u00f2 in Argentina (1920 e \u201825) dal fratello Alessandro, in Africa (1926), quindi in Germania, Olanda e Norvegia. Rientrato in Toscana, nel 1918, espose ancora per due anni a Venezia prima di ritirarsi dalla scena pubblica. Nel 1928 si stabil\u00ec a Firenze e divenne direttore del Gabinetto di disegni e stampe degli Uffizi. Continu\u00f2 a dipingere e a incidere, oltre a scrivere, tra il 1932 e il \u201943, pi\u00f9 di 100 articoli per \u201cLa Nazione. Nel frattempo si spos\u00f2 con la compagna norvegese Sigrid Ferr\u00e8 (1932) e pubblic\u00f2 il catalogo delle stampe e dei disegni conservati agli Uffizi (1938).<\/p>\n<p style=\"text-align: justify;\">Nel 1962 presso il centro culturale Olivetti a Ivrea gli fu dedicata un\u2019importante mostra retrospettiva.<\/p>\n<p style=\"text-align: justify;\">Tre anni pi\u00f9 tardi esegu\u00ec le illustrazioni per l\u2019edizione nazionale della Divina Commedia e successivamente dell\u2019Orlando Furioso.<\/p>\n<p style=\"text-align: justify;\">Mor\u00ec nel giugno 1967 pochi mesi dopo l\u2019alluvione fiorentina che aveva distrutto carte, opere e materiali conservati nella sua casa studio di Pizza Donatello.<span style=\"font-size: 26pt; font-family: Verdana, sans-serif;\">\u00a0<\/span><\/p>\n<p>&nbsp;<\/p>\n<h3 style=\"font-size: 12pt;\"><a href=\"https:\/\/www.sba.it\/ru\/%d1%81%d0%be%d0%b2%d0%b5%d1%80%d1%88%d0%b5%d0%bd%d1%81%d1%82%d0%b2%d0%b0\/\">CATALOGO OPERE<\/a>\u00a0| <a href=\"https:\/\/www.sba.it\/ru\/%d0%bf%d1%80%d0%be%d0%b4%d0%b0%d1%82%d1%8c\/\">VUOI VENDERE O COMPRARE UN QUADRO DI QUESTO ARTISTA?<\/a><\/h3>\n","protected":false},"excerpt":{"rendered":"<p>&nbsp; Antonio Antony de Witt nacque a Livorno il 22 febbraio 1876. Matur\u00f2 l\u2019amore per la pittura grazie alla frequentazione [&hellip;]<\/p>\n","protected":false},"author":2,"featured_media":88914,"parent":73491,"menu_order":55,"comment_status":"closed","ping_status":"closed","template":"","meta":{"_monsterinsights_skip_tracking":false,"_monsterinsights_sitenote_active":false,"_monsterinsights_sitenote_note":"","_monsterinsights_sitenote_category":0,"footnotes":""},"class_list":["post-75044","page","type-page","status-publish","has-post-thumbnail","hentry","page_category-1277"],"yoast_head":"<!-- This site is optimized with the Yoast SEO plugin v27.4 - https:\/\/yoast.com\/product\/yoast-seo-wordpress\/ -->\n<title>De Witt Antonio (1876-1967). Biografia. Quadri in vendita.<\/title>\n<meta name=\"description\" content=\"De Witt Antonio leggi la vita del pittore toscano del 900, Antonio De Witt quadri in vendita, dipinti toscani del 900 dove comprare\" \/>\n<meta name=\"robots\" content=\"index, follow, max-snippet:-1, max-image-preview:large, max-video-preview:-1\" \/>\n<link rel=\"canonical\" href=\"https:\/\/www.sba.it\/ru\/\u0445\u0443\u0434\u043e\u0436\u043d\u0438\u043a\u0438\/de-witt-antonio-biografia-quadri-in-vendita-stima-perizia-certificata-dipinti-antonio-de-witt\/\" \/>\n<meta property=\"og:locale\" content=\"ru_RU\" \/>\n<meta property=\"og:type\" content=\"article\" \/>\n<meta property=\"og:title\" content=\"De Witt Antonio (1876-1967). Biografia. Quadri in vendita.\" \/>\n<meta property=\"og:description\" content=\"De Witt Antonio leggi la vita del pittore toscano del 900, Antonio De Witt quadri in vendita, dipinti toscani del 900 dove comprare\" \/>\n<meta property=\"og:url\" content=\"https:\/\/www.sba.it\/ru\/\u0445\u0443\u0434\u043e\u0436\u043d\u0438\u043a\u0438\/de-witt-antonio-biografia-quadri-in-vendita-stima-perizia-certificata-dipinti-antonio-de-witt\/\" \/>\n<meta property=\"og:site_name\" content=\"Societ\u00e0 di Belle Arti\" \/>\n<meta property=\"article:publisher\" content=\"https:\/\/www.facebook.com\/pitturaitaliana800e900\/\" \/>\n<meta property=\"article:modified_time\" content=\"2021-10-29T08:31:14+00:00\" \/>\n<meta property=\"og:image\" content=\"https:\/\/www.sba.it\/wp-content\/uploads\/2021\/05\/de-witt.jpg\" \/>\n\t<meta property=\"og:image:width\" content=\"448\" \/>\n\t<meta property=\"og:image:height\" content=\"316\" \/>\n\t<meta property=\"og:image:type\" content=\"image\/jpeg\" \/>\n<meta name=\"twitter:card\" content=\"summary_large_image\" \/>\n<meta name=\"twitter:site\" content=\"@SocietaArti\" \/>\n<meta name=\"twitter:label1\" content=\"\u041f\u0440\u0438\u043c\u0435\u0440\u043d\u043e\u0435 \u0432\u0440\u0435\u043c\u044f \u0434\u043b\u044f \u0447\u0442\u0435\u043d\u0438\u044f\" \/>\n\t<meta name=\"twitter:data1\" content=\"3 \u043c\u0438\u043d\u0443\u0442\u044b\" \/>\n<script type=\"application\/ld+json\" class=\"yoast-schema-graph\">{\"@context\":\"https:\\\/\\\/schema.org\",\"@graph\":[{\"@type\":\"WebPage\",\"@id\":\"https:\\\/\\\/www.sba.it\\\/ru\\\/%d1%85%d1%83%d0%b4%d0%be%d0%b6%d0%bd%d0%b8%d0%ba%d0%b8\\\/de-witt-antonio-biografia-quadri-in-vendita-stima-perizia-certificata-dipinti-antonio-de-witt\\\/\",\"url\":\"https:\\\/\\\/www.sba.it\\\/ru\\\/%d1%85%d1%83%d0%b4%d0%be%d0%b6%d0%bd%d0%b8%d0%ba%d0%b8\\\/de-witt-antonio-biografia-quadri-in-vendita-stima-perizia-certificata-dipinti-antonio-de-witt\\\/\",\"name\":\"De Witt Antonio (1876-1967). Biografia. Quadri in vendita.\",\"isPartOf\":{\"@id\":\"https:\\\/\\\/www.sba.it\\\/#website\"},\"primaryImageOfPage\":{\"@id\":\"https:\\\/\\\/www.sba.it\\\/ru\\\/%d1%85%d1%83%d0%b4%d0%be%d0%b6%d0%bd%d0%b8%d0%ba%d0%b8\\\/de-witt-antonio-biografia-quadri-in-vendita-stima-perizia-certificata-dipinti-antonio-de-witt\\\/#primaryimage\"},\"image\":{\"@id\":\"https:\\\/\\\/www.sba.it\\\/ru\\\/%d1%85%d1%83%d0%b4%d0%be%d0%b6%d0%bd%d0%b8%d0%ba%d0%b8\\\/de-witt-antonio-biografia-quadri-in-vendita-stima-perizia-certificata-dipinti-antonio-de-witt\\\/#primaryimage\"},\"thumbnailUrl\":\"https:\\\/\\\/www.sba.it\\\/wp-content\\\/uploads\\\/2021\\\/05\\\/de-witt.jpg\",\"datePublished\":\"2018-01-08T08:55:07+00:00\",\"dateModified\":\"2021-10-29T08:31:14+00:00\",\"description\":\"De Witt Antonio leggi la vita del pittore toscano del 900, Antonio De Witt quadri in vendita, dipinti toscani del 900 dove comprare\",\"breadcrumb\":{\"@id\":\"https:\\\/\\\/www.sba.it\\\/ru\\\/%d1%85%d1%83%d0%b4%d0%be%d0%b6%d0%bd%d0%b8%d0%ba%d0%b8\\\/de-witt-antonio-biografia-quadri-in-vendita-stima-perizia-certificata-dipinti-antonio-de-witt\\\/#breadcrumb\"},\"inLanguage\":\"ru-RU\",\"potentialAction\":[{\"@type\":\"ReadAction\",\"target\":[\"https:\\\/\\\/www.sba.it\\\/ru\\\/%d1%85%d1%83%d0%b4%d0%be%d0%b6%d0%bd%d0%b8%d0%ba%d0%b8\\\/de-witt-antonio-biografia-quadri-in-vendita-stima-perizia-certificata-dipinti-antonio-de-witt\\\/\"]}]},{\"@type\":\"ImageObject\",\"inLanguage\":\"ru-RU\",\"@id\":\"https:\\\/\\\/www.sba.it\\\/ru\\\/%d1%85%d1%83%d0%b4%d0%be%d0%b6%d0%bd%d0%b8%d0%ba%d0%b8\\\/de-witt-antonio-biografia-quadri-in-vendita-stima-perizia-certificata-dipinti-antonio-de-witt\\\/#primaryimage\",\"url\":\"https:\\\/\\\/www.sba.it\\\/wp-content\\\/uploads\\\/2021\\\/05\\\/de-witt.jpg\",\"contentUrl\":\"https:\\\/\\\/www.sba.it\\\/wp-content\\\/uploads\\\/2021\\\/05\\\/de-witt.jpg\",\"width\":448,\"height\":316,\"caption\":\"Antonio De Witt quadri in vendita\"},{\"@type\":\"BreadcrumbList\",\"@id\":\"https:\\\/\\\/www.sba.it\\\/ru\\\/%d1%85%d1%83%d0%b4%d0%be%d0%b6%d0%bd%d0%b8%d0%ba%d0%b8\\\/de-witt-antonio-biografia-quadri-in-vendita-stima-perizia-certificata-dipinti-antonio-de-witt\\\/#breadcrumb\",\"itemListElement\":[{\"@type\":\"ListItem\",\"position\":1,\"name\":\"Home\",\"item\":\"https:\\\/\\\/www.sba.it\\\/ru\\\/\"},{\"@type\":\"ListItem\",\"position\":2,\"name\":\"\u0425\u0423\u0414\u041e\u0416\u041d\u0418\u041a\u0418\",\"item\":\"https:\\\/\\\/www.sba.it\\\/ru\\\/%d1%85%d1%83%d0%b4%d0%be%d0%b6%d0%bd%d0%b8%d0%ba%d0%b8\\\/\"},{\"@type\":\"ListItem\",\"position\":3,\"name\":\"De Witt Antonio (1876-1967). Biografia. Quadri in vendita.\"}]},{\"@type\":\"WebSite\",\"@id\":\"https:\\\/\\\/www.sba.it\\\/#website\",\"url\":\"https:\\\/\\\/www.sba.it\\\/\",\"name\":\"Societ\u00e0 di Belle Arti\",\"description\":\"Quadri macchiaioli e del 800 e 900 in vendita\",\"publisher\":{\"@id\":\"https:\\\/\\\/www.sba.it\\\/#organization\"},\"potentialAction\":[{\"@type\":\"SearchAction\",\"target\":{\"@type\":\"EntryPoint\",\"urlTemplate\":\"https:\\\/\\\/www.sba.it\\\/?s={search_term_string}\"},\"query-input\":{\"@type\":\"PropertyValueSpecification\",\"valueRequired\":true,\"valueName\":\"search_term_string\"}}],\"inLanguage\":\"ru-RU\"},{\"@type\":\"Organization\",\"@id\":\"https:\\\/\\\/www.sba.it\\\/#organization\",\"name\":\"Societ\u00e0 di Belle Arti\",\"url\":\"https:\\\/\\\/www.sba.it\\\/\",\"logo\":{\"@type\":\"ImageObject\",\"inLanguage\":\"ru-RU\",\"@id\":\"https:\\\/\\\/www.sba.it\\\/#\\\/schema\\\/logo\\\/image\\\/\",\"url\":\"https:\\\/\\\/www.sba.it\\\/wp-content\\\/uploads\\\/2019\\\/04\\\/Logo-rosso_nero.png\",\"contentUrl\":\"https:\\\/\\\/www.sba.it\\\/wp-content\\\/uploads\\\/2019\\\/04\\\/Logo-rosso_nero.png\",\"width\":2532,\"height\":1137,\"caption\":\"Societ\u00e0 di Belle Arti\"},\"image\":{\"@id\":\"https:\\\/\\\/www.sba.it\\\/#\\\/schema\\\/logo\\\/image\\\/\"},\"sameAs\":[\"https:\\\/\\\/www.facebook.com\\\/pitturaitaliana800e900\\\/\",\"https:\\\/\\\/x.com\\\/SocietaArti\",\"https:\\\/\\\/www.instagram.com\\\/societadibellearti\",\"https:\\\/\\\/www.linkedin.com\\\/in\\\/societ\u00e0-di-belle-arti-363aa8191\\\/\",\"https:\\\/\\\/www.youtube.com\\\/channel\\\/UC6fJlk-ajwhsnEIICATyXaQ\"]}]}<\/script>\n<!-- \/ Yoast SEO plugin. -->","yoast_head_json":{"title":"De Witt Antonio (1876-1967). Biografia. Quadri in vendita.","description":"De Witt Antonio leggi la vita del pittore toscano del 900, Antonio De Witt quadri in vendita, dipinti toscani del 900 dove comprare","robots":{"index":"index","follow":"follow","max-snippet":"max-snippet:-1","max-image-preview":"max-image-preview:large","max-video-preview":"max-video-preview:-1"},"canonical":"https:\/\/www.sba.it\/ru\/\u0445\u0443\u0434\u043e\u0436\u043d\u0438\u043a\u0438\/de-witt-antonio-biografia-quadri-in-vendita-stima-perizia-certificata-dipinti-antonio-de-witt\/","og_locale":"ru_RU","og_type":"article","og_title":"De Witt Antonio (1876-1967). Biografia. Quadri in vendita.","og_description":"De Witt Antonio leggi la vita del pittore toscano del 900, Antonio De Witt quadri in vendita, dipinti toscani del 900 dove comprare","og_url":"https:\/\/www.sba.it\/ru\/\u0445\u0443\u0434\u043e\u0436\u043d\u0438\u043a\u0438\/de-witt-antonio-biografia-quadri-in-vendita-stima-perizia-certificata-dipinti-antonio-de-witt\/","og_site_name":"Societ\u00e0 di Belle Arti","article_publisher":"https:\/\/www.facebook.com\/pitturaitaliana800e900\/","article_modified_time":"2021-10-29T08:31:14+00:00","og_image":[{"width":448,"height":316,"url":"https:\/\/www.sba.it\/wp-content\/uploads\/2021\/05\/de-witt.jpg","type":"image\/jpeg"}],"twitter_card":"summary_large_image","twitter_site":"@SocietaArti","twitter_misc":{"\u041f\u0440\u0438\u043c\u0435\u0440\u043d\u043e\u0435 \u0432\u0440\u0435\u043c\u044f \u0434\u043b\u044f \u0447\u0442\u0435\u043d\u0438\u044f":"3 \u043c\u0438\u043d\u0443\u0442\u044b"},"schema":{"@context":"https:\/\/schema.org","@graph":[{"@type":"WebPage","@id":"https:\/\/www.sba.it\/ru\/%d1%85%d1%83%d0%b4%d0%be%d0%b6%d0%bd%d0%b8%d0%ba%d0%b8\/de-witt-antonio-biografia-quadri-in-vendita-stima-perizia-certificata-dipinti-antonio-de-witt\/","url":"https:\/\/www.sba.it\/ru\/%d1%85%d1%83%d0%b4%d0%be%d0%b6%d0%bd%d0%b8%d0%ba%d0%b8\/de-witt-antonio-biografia-quadri-in-vendita-stima-perizia-certificata-dipinti-antonio-de-witt\/","name":"De Witt Antonio (1876-1967). Biografia. Quadri in vendita.","isPartOf":{"@id":"https:\/\/www.sba.it\/#website"},"primaryImageOfPage":{"@id":"https:\/\/www.sba.it\/ru\/%d1%85%d1%83%d0%b4%d0%be%d0%b6%d0%bd%d0%b8%d0%ba%d0%b8\/de-witt-antonio-biografia-quadri-in-vendita-stima-perizia-certificata-dipinti-antonio-de-witt\/#primaryimage"},"image":{"@id":"https:\/\/www.sba.it\/ru\/%d1%85%d1%83%d0%b4%d0%be%d0%b6%d0%bd%d0%b8%d0%ba%d0%b8\/de-witt-antonio-biografia-quadri-in-vendita-stima-perizia-certificata-dipinti-antonio-de-witt\/#primaryimage"},"thumbnailUrl":"https:\/\/www.sba.it\/wp-content\/uploads\/2021\/05\/de-witt.jpg","datePublished":"2018-01-08T08:55:07+00:00","dateModified":"2021-10-29T08:31:14+00:00","description":"De Witt Antonio leggi la vita del pittore toscano del 900, Antonio De Witt quadri in vendita, dipinti toscani del 900 dove comprare","breadcrumb":{"@id":"https:\/\/www.sba.it\/ru\/%d1%85%d1%83%d0%b4%d0%be%d0%b6%d0%bd%d0%b8%d0%ba%d0%b8\/de-witt-antonio-biografia-quadri-in-vendita-stima-perizia-certificata-dipinti-antonio-de-witt\/#breadcrumb"},"inLanguage":"ru-RU","potentialAction":[{"@type":"ReadAction","target":["https:\/\/www.sba.it\/ru\/%d1%85%d1%83%d0%b4%d0%be%d0%b6%d0%bd%d0%b8%d0%ba%d0%b8\/de-witt-antonio-biografia-quadri-in-vendita-stima-perizia-certificata-dipinti-antonio-de-witt\/"]}]},{"@type":"ImageObject","inLanguage":"ru-RU","@id":"https:\/\/www.sba.it\/ru\/%d1%85%d1%83%d0%b4%d0%be%d0%b6%d0%bd%d0%b8%d0%ba%d0%b8\/de-witt-antonio-biografia-quadri-in-vendita-stima-perizia-certificata-dipinti-antonio-de-witt\/#primaryimage","url":"https:\/\/www.sba.it\/wp-content\/uploads\/2021\/05\/de-witt.jpg","contentUrl":"https:\/\/www.sba.it\/wp-content\/uploads\/2021\/05\/de-witt.jpg","width":448,"height":316,"caption":"Antonio De Witt quadri in vendita"},{"@type":"BreadcrumbList","@id":"https:\/\/www.sba.it\/ru\/%d1%85%d1%83%d0%b4%d0%be%d0%b6%d0%bd%d0%b8%d0%ba%d0%b8\/de-witt-antonio-biografia-quadri-in-vendita-stima-perizia-certificata-dipinti-antonio-de-witt\/#breadcrumb","itemListElement":[{"@type":"ListItem","position":1,"name":"Home","item":"https:\/\/www.sba.it\/ru\/"},{"@type":"ListItem","position":2,"name":"\u0425\u0423\u0414\u041e\u0416\u041d\u0418\u041a\u0418","item":"https:\/\/www.sba.it\/ru\/%d1%85%d1%83%d0%b4%d0%be%d0%b6%d0%bd%d0%b8%d0%ba%d0%b8\/"},{"@type":"ListItem","position":3,"name":"De Witt Antonio (1876-1967). Biografia. Quadri in vendita."}]},{"@type":"WebSite","@id":"https:\/\/www.sba.it\/#website","url":"https:\/\/www.sba.it\/","name":"Societ\u00e0 di Belle Arti","description":"Quadri macchiaioli e del 800 e 900 in vendita","publisher":{"@id":"https:\/\/www.sba.it\/#organization"},"potentialAction":[{"@type":"SearchAction","target":{"@type":"EntryPoint","urlTemplate":"https:\/\/www.sba.it\/?s={search_term_string}"},"query-input":{"@type":"PropertyValueSpecification","valueRequired":true,"valueName":"search_term_string"}}],"inLanguage":"ru-RU"},{"@type":"Organization","@id":"https:\/\/www.sba.it\/#organization","name":"Societ\u00e0 di Belle Arti","url":"https:\/\/www.sba.it\/","logo":{"@type":"ImageObject","inLanguage":"ru-RU","@id":"https:\/\/www.sba.it\/#\/schema\/logo\/image\/","url":"https:\/\/www.sba.it\/wp-content\/uploads\/2019\/04\/Logo-rosso_nero.png","contentUrl":"https:\/\/www.sba.it\/wp-content\/uploads\/2019\/04\/Logo-rosso_nero.png","width":2532,"height":1137,"caption":"Societ\u00e0 di Belle Arti"},"image":{"@id":"https:\/\/www.sba.it\/#\/schema\/logo\/image\/"},"sameAs":["https:\/\/www.facebook.com\/pitturaitaliana800e900\/","https:\/\/x.com\/SocietaArti","https:\/\/www.instagram.com\/societadibellearti","https:\/\/www.linkedin.com\/in\/societ\u00e0-di-belle-arti-363aa8191\/","https:\/\/www.youtube.com\/channel\/UC6fJlk-ajwhsnEIICATyXaQ"]}]}},"_links":{"self":[{"href":"https:\/\/www.sba.it\/ru\/wp-json\/wp\/v2\/pages\/75044","targetHints":{"allow":["GET"]}}],"collection":[{"href":"https:\/\/www.sba.it\/ru\/wp-json\/wp\/v2\/pages"}],"about":[{"href":"https:\/\/www.sba.it\/ru\/wp-json\/wp\/v2\/types\/page"}],"author":[{"embeddable":true,"href":"https:\/\/www.sba.it\/ru\/wp-json\/wp\/v2\/users\/2"}],"replies":[{"embeddable":true,"href":"https:\/\/www.sba.it\/ru\/wp-json\/wp\/v2\/comments?post=75044"}],"version-history":[{"count":6,"href":"https:\/\/www.sba.it\/ru\/wp-json\/wp\/v2\/pages\/75044\/revisions"}],"predecessor-version":[{"id":89309,"href":"https:\/\/www.sba.it\/ru\/wp-json\/wp\/v2\/pages\/75044\/revisions\/89309"}],"up":[{"embeddable":true,"href":"https:\/\/www.sba.it\/ru\/wp-json\/wp\/v2\/pages\/73491"}],"wp:featuredmedia":[{"embeddable":true,"href":"https:\/\/www.sba.it\/ru\/wp-json\/wp\/v2\/media\/88914"}],"wp:attachment":[{"href":"https:\/\/www.sba.it\/ru\/wp-json\/wp\/v2\/media?parent=75044"}],"curies":[{"name":"wp","href":"https:\/\/api.w.org\/{rel}","templated":true}]}}