{"id":73969,"date":"2013-06-17T09:34:48","date_gmt":"2013-06-17T07:34:48","guid":{"rendered":"http:\/\/www.sba.it\/muller-alfredo-quadri-postmacchiaioli-in-vendita\/"},"modified":"2021-03-12T09:57:25","modified_gmt":"2021-03-12T08:57:25","slug":"muller-alfredo-quadri-postmacchiaioli-in-vendita","status":"publish","type":"page","link":"https:\/\/www.sba.it\/ru\/%d1%85%d1%83%d0%b4%d0%be%d0%b6%d0%bd%d0%b8%d0%ba%d0%b8\/muller-alfredo-quadri-postmacchiaioli-in-vendita\/","title":{"rendered":"M\u00fcller Alfredo (1869-1939). Biografia. Quadri in vendita."},"content":{"rendered":"<p><span style=\"line-height: 1.3em;\"><img decoding=\"async\" class=\" alignleft size-full wp-image-390\" style=\"margin-right: 20px; float: left;\" src=\"http:\/\/www.sba.it\/wp-content\/uploads\/2013\/06\/images_artisti_1908_Alfredo_M%C3%BCller_immagine.jpg\" alt=\"1908 Alfredo M\u00fcller immagine\" width=\"300\" height=\"517\" \/><\/span><br \/>\nAlfredo M\u00fcller nacque nel 1869 a Livorno.<\/p>\n<p>Crebbe in un ambiente colto ed agiato e, dal 1882, segu\u00ec, verosimilmente come allievo esterno, i corsi di Giuseppe Ciaranfi e <a href=\"https:\/\/www.sba.it\/ru\/%d1%85%d1%83%d0%b4%d0%be%d0%b6%d0%bd%d0%b8%d0%ba%d0%b8\/gordigiani-michele-biografia-quadri-in-vendita-stima-perizia-expertise-dipinti-di-michele-gordigiani\/\">Michele Gordigiani<\/a>.<\/p>\n<p>Quest&#8217;ultimo era allora titolare della cattedra di Disegno e Figura presso l\u2019<a href=\"http:\/\/www.accademia.firenze.it\/it\/\">Accademia di Belle Arti di Firenze<\/a>.<\/p>\n<p>Nel 1886 partecip\u00f2 alla I Esposizione di Belle Arti di Livorno con <a href=\"http:\/\/www.sba.it\/fattori-giovanni-biografia-quadri-macchiaioli-in-vendita-valutazione-stima-perizia-certificata-di-dipinti-di-giovanni-fattori\/\"><strong>Fattori<\/strong><\/a>, <strong><a href=\"https:\/\/www.sba.it\/ru\/%d1%85%d1%83%d0%b4%d0%be%d0%b6%d0%bd%d0%b8%d0%ba%d0%b8\/lega-silvestro-biografia-quadri-macchiaioli-in-vendita-valutazione-stima-perzia-certificata-dipinti-macchiaioli-silvestro-lega\/\">Lega<\/a><\/strong>\u00a0e i fratelli <a href=\"index.php?option=com_content&amp;view=category&amp;id=25&amp;Itemid=177\"><strong>Tommasi<\/strong><\/a>.<\/p>\n<p>Nel 1888, a seguito di gravi dissesti finanziari, la famiglia si trasfer\u00ec a Parigi.<\/p>\n<p>Qui M\u00fcller\u00a0 frequent\u00f2 gli studi di Francois Flameng e Carolus-Duran: ci\u00f2 signific\u00f2 per lui aprirsi le porte dei Salon e dell&#8217;ufficialit\u00e0.<\/p>\n<p>L\u2019anno successivo partecip\u00f2 alla Promotrice fiorentina con il dipinto <em>Interno.<\/em><\/p>\n<p>In questa opera\u00a0 \u00a0era gi\u00e0 evidente l\u2019influenza della pittura francese di fine secolo, stimolo sufficiente per superare l\u2019impostazione accademica ed assimilare l\u2019esempio della pittura <em>en plein air<\/em> di Monet e Pissarro.<\/p>\n<p>Tra il 1890 ed il &#8217;95 visse a Firenze e Livorno, alternando frequenti soggiorni a Torre del Lago.<\/p>\n<p>Espose nel frattempo\u00a0 alla Societ\u00e0 Promotrice di Firenze dipinti di chiara matrice impressionista, utilizzando la tecnica divisa, a piccoli tratti di colore.<\/p>\n<p>Divenuto rapidamente un punto di riferimento per le nuove generazioni di artisti tra cui\u00a0<a href=\"https:\/\/www.sba.it\/artisti-in-galleria\/nomellini-plinio-biografia-quadri-in-vendita-valutazione-stima-perizia-certificata-di-dipinti-di-nomellini-plinio\/\"><strong>Nomellini<\/strong><\/a>,\u00a0<a href=\"https:\/\/www.sba.it\/ru\/%d1%85%d1%83%d0%b4%d0%be%d0%b6%d0%bd%d0%b8%d0%ba%d0%b8\/banti-cristiano-biografia-quadri-in-vendita-macchiaioli-valutazione-stima-perizia-certificata-di-dipinti-di-banti-cristiano\/\"><strong>Bant<\/strong><\/a>i e Cappiello, si trasfer\u00ec nel 1895 con la famiglia a Parigi e prese parte regolarmente alle esposizioni ufficiali.<\/p>\n<p>M\u00fcller affianc\u00f2 l\u2019attivit\u00e0 di pittore a quella di incisore e di cartellonista.<\/p>\n<p>Collabor\u00f2 infatti\u00a0 con illustri riviste come la \u201cRevue Blanche\u201d.<\/p>\n<p>Sebbene le opere del periodo parigino siano di difficile reperimento, l\u2019attivit\u00e0\u00a0 di quegli anni fu regolare.<\/p>\n<p>Nel 1898 espose infatti\u00a0 per la prima volta alla Galerie Vollard presentando trenta opere tra olii, disegni e acqueforti.<\/p>\n<p>Quattro anni dopo\u00a0 figur\u00f2 con cinque opere grafiche alla Prima Esposizione Internazionale di \u201cBianco e Nero\u201d organizzata dalla Societ\u00e0 Amatori e Cultori di Belle Arti di Roma.<\/p>\n<p>Contemporaneamente partecip\u00f2 alla vita artistica parigina esponendo al Salon d\u2019Automne nel 1904 e quattro anni dopo alla Galerie Rosenberg con una personale.<\/p>\n<p>Nel 1914, dopo lo scoppio della I Guerra Mondiale, con la moglie si stabil\u00ec nuovamente in Toscana.<\/p>\n<p>I paesaggi e le vedute, presentate in occasione della Prima Esposizione Invernale toscana del 1914, si caratterizzarono per la profonda assimilazione del linguaggio di C\u00e9zanne.<\/p>\n<p>Con la serie Arlecchinate, destinate al Teatro Manzoni di Milano, M\u00fcller si avvicin\u00f2 al gusto Dec\u00f2 manifestando un crescente interesse per l\u2019arte decorativa che si concretizz\u00f2 con la partecipazione alla I Mostra Biennale delle Arti Decorative.<\/p>\n<p>Nel 1922, presso la Galleria Pesaro di Milano, si tenne una mostra personale con oltre 100 opere esemplificative del lungo percorso artistico del pittore.<\/p>\n<p>Nei primi anni Trenta rientr\u00f2 in Francia.<\/p>\n<p>Da quel momento non risultano ulteriori partecipazioni a manifestazioni pubbliche.<\/p>\n<p>Alfredo\u00a0 M\u00fcller mor\u00ec a Parigi nel 1939 per un attacco cardiaco.<\/p>\n<p>&nbsp;<\/p>\n<hr style=\"width: 1000px;\" \/>\n<h3 style=\"font-size: 12pt;\"><a href=\"https:\/\/www.sba.it\/ru\/%d1%81%d0%be%d0%b2%d0%b5%d1%80%d1%88%d0%b5%d0%bd%d1%81%d1%82%d0%b2%d0%b0\/\"><strong>CATALOGO OPERE<\/strong>\u00a0|<\/a>\u00a0<a href=\"https:\/\/www.sba.it\/ru\/%d0%bf%d1%80%d0%be%d0%b4%d0%b0%d1%82%d1%8c\/\">V<strong>UOI VENDERE O COMPRARE UN QUADRO DI QUESTO ARTISTA?<\/strong><\/a><\/h3>\n<p><strong>BOOKSHOP:\u00a0<\/strong><\/p>\n<p><a href=\"http:\/\/www.istitutomatteucci.it\/component\/hikashop\/product\/170-alfredo-muller-un-ineffabile-dandy-dell-impressionismo\"><img decoding=\"async\" class=\"alignleft size-medium wp-image-87654\" src=\"http:\/\/www.sba.it\/wp-content\/uploads\/2020\/10\/159_alfredo-mller-300x300.jpg\" alt=\"Alfredo Muller quadri e cataloghi in vendita online\" width=\"300\" height=\"300\" srcset=\"https:\/\/www.sba.it\/wp-content\/uploads\/2020\/10\/159_alfredo-mller-300x300.jpg 300w, https:\/\/www.sba.it\/wp-content\/uploads\/2020\/10\/159_alfredo-mller-150x150.jpg 150w, https:\/\/www.sba.it\/wp-content\/uploads\/2020\/10\/159_alfredo-mller.jpg 350w\" sizes=\"(max-width: 300px) 100vw, 300px\" \/><\/a><\/p>\n","protected":false},"excerpt":{"rendered":"<p>Alfredo M\u00fcller nacque nel 1869 a Livorno. Crebbe in un ambiente colto ed agiato e, dal 1882, segu\u00ec, verosimilmente come [&hellip;]<\/p>\n","protected":false},"author":1,"featured_media":393,"parent":73491,"menu_order":148,"comment_status":"closed","ping_status":"closed","template":"","meta":{"_monsterinsights_skip_tracking":false,"_monsterinsights_sitenote_active":false,"_monsterinsights_sitenote_note":"","_monsterinsights_sitenote_category":0,"footnotes":""},"class_list":["post-73969","page","type-page","status-publish","has-post-thumbnail","hentry","page_category-1277"],"yoast_head":"<!-- This site is optimized with the Yoast SEO plugin v27.5 - https:\/\/yoast.com\/product\/yoast-seo-wordpress\/ -->\n<title>M\u00fcller Alfredo (1869-1939). Biografia. Quadri in vendita.<\/title>\n<meta name=\"description\" content=\"Alfredo\u00a0 M\u00fcller leggi la vita del pittore postmacchiaiolo , vendita e acquisto online quadri macchiaioli postmacchiaioli di Alfredo\u00a0 M\u00fcller scopri come\" \/>\n<meta name=\"robots\" content=\"index, follow, max-snippet:-1, max-image-preview:large, max-video-preview:-1\" \/>\n<link rel=\"canonical\" href=\"https:\/\/www.sba.it\/ru\/\u0445\u0443\u0434\u043e\u0436\u043d\u0438\u043a\u0438\/muller-alfredo-quadri-postmacchiaioli-in-vendita\/\" \/>\n<meta property=\"og:locale\" content=\"ru_RU\" \/>\n<meta property=\"og:type\" content=\"article\" \/>\n<meta property=\"og:title\" content=\"M\u00fcller Alfredo (1869-1939). Biografia. Quadri in vendita.\" \/>\n<meta property=\"og:description\" content=\"Alfredo\u00a0 M\u00fcller leggi la vita del pittore postmacchiaiolo , vendita e acquisto online quadri macchiaioli postmacchiaioli di Alfredo\u00a0 M\u00fcller scopri come\" \/>\n<meta property=\"og:url\" content=\"https:\/\/www.sba.it\/ru\/\u0445\u0443\u0434\u043e\u0436\u043d\u0438\u043a\u0438\/muller-alfredo-quadri-postmacchiaioli-in-vendita\/\" \/>\n<meta property=\"og:site_name\" content=\"Societ\u00e0 di Belle Arti\" \/>\n<meta property=\"article:publisher\" content=\"https:\/\/www.facebook.com\/pitturaitaliana800e900\/\" \/>\n<meta property=\"article:modified_time\" content=\"2021-03-12T08:57:25+00:00\" \/>\n<meta property=\"og:image\" content=\"https:\/\/www.sba.it\/wp-content\/uploads\/2013\/06\/images_artisti_1908_Alfredo_M\u00fcller_immagine.jpg\" \/>\n\t<meta property=\"og:image:width\" content=\"300\" \/>\n\t<meta property=\"og:image:height\" content=\"517\" \/>\n\t<meta property=\"og:image:type\" content=\"image\/jpeg\" \/>\n<meta name=\"twitter:card\" content=\"summary_large_image\" \/>\n<meta name=\"twitter:site\" content=\"@SocietaArti\" \/>\n<meta name=\"twitter:label1\" content=\"\u041f\u0440\u0438\u043c\u0435\u0440\u043d\u043e\u0435 \u0432\u0440\u0435\u043c\u044f \u0434\u043b\u044f \u0447\u0442\u0435\u043d\u0438\u044f\" \/>\n\t<meta name=\"twitter:data1\" content=\"2 \u043c\u0438\u043d\u0443\u0442\u044b\" \/>\n<script type=\"application\/ld+json\" class=\"yoast-schema-graph\">{\"@context\":\"https:\\\/\\\/schema.org\",\"@graph\":[{\"@type\":\"WebPage\",\"@id\":\"https:\\\/\\\/www.sba.it\\\/ru\\\/%d1%85%d1%83%d0%b4%d0%be%d0%b6%d0%bd%d0%b8%d0%ba%d0%b8\\\/muller-alfredo-quadri-postmacchiaioli-in-vendita\\\/\",\"url\":\"https:\\\/\\\/www.sba.it\\\/ru\\\/%d1%85%d1%83%d0%b4%d0%be%d0%b6%d0%bd%d0%b8%d0%ba%d0%b8\\\/muller-alfredo-quadri-postmacchiaioli-in-vendita\\\/\",\"name\":\"M\u00fcller Alfredo (1869-1939). Biografia. Quadri in vendita.\",\"isPartOf\":{\"@id\":\"https:\\\/\\\/www.sba.it\\\/#website\"},\"primaryImageOfPage\":{\"@id\":\"https:\\\/\\\/www.sba.it\\\/ru\\\/%d1%85%d1%83%d0%b4%d0%be%d0%b6%d0%bd%d0%b8%d0%ba%d0%b8\\\/muller-alfredo-quadri-postmacchiaioli-in-vendita\\\/#primaryimage\"},\"image\":{\"@id\":\"https:\\\/\\\/www.sba.it\\\/ru\\\/%d1%85%d1%83%d0%b4%d0%be%d0%b6%d0%bd%d0%b8%d0%ba%d0%b8\\\/muller-alfredo-quadri-postmacchiaioli-in-vendita\\\/#primaryimage\"},\"thumbnailUrl\":\"https:\\\/\\\/www.sba.it\\\/wp-content\\\/uploads\\\/2013\\\/06\\\/images_artisti_1908_Alfredo_M\u00fcller_immagine.jpg\",\"datePublished\":\"2013-06-17T07:34:48+00:00\",\"dateModified\":\"2021-03-12T08:57:25+00:00\",\"description\":\"Alfredo\u00a0 M\u00fcller leggi la vita del pittore postmacchiaiolo , vendita e acquisto online quadri macchiaioli postmacchiaioli di Alfredo\u00a0 M\u00fcller scopri come\",\"breadcrumb\":{\"@id\":\"https:\\\/\\\/www.sba.it\\\/ru\\\/%d1%85%d1%83%d0%b4%d0%be%d0%b6%d0%bd%d0%b8%d0%ba%d0%b8\\\/muller-alfredo-quadri-postmacchiaioli-in-vendita\\\/#breadcrumb\"},\"inLanguage\":\"ru-RU\",\"potentialAction\":[{\"@type\":\"ReadAction\",\"target\":[\"https:\\\/\\\/www.sba.it\\\/ru\\\/%d1%85%d1%83%d0%b4%d0%be%d0%b6%d0%bd%d0%b8%d0%ba%d0%b8\\\/muller-alfredo-quadri-postmacchiaioli-in-vendita\\\/\"]}]},{\"@type\":\"ImageObject\",\"inLanguage\":\"ru-RU\",\"@id\":\"https:\\\/\\\/www.sba.it\\\/ru\\\/%d1%85%d1%83%d0%b4%d0%be%d0%b6%d0%bd%d0%b8%d0%ba%d0%b8\\\/muller-alfredo-quadri-postmacchiaioli-in-vendita\\\/#primaryimage\",\"url\":\"https:\\\/\\\/www.sba.it\\\/wp-content\\\/uploads\\\/2013\\\/06\\\/images_artisti_1908_Alfredo_M\u00fcller_immagine.jpg\",\"contentUrl\":\"https:\\\/\\\/www.sba.it\\\/wp-content\\\/uploads\\\/2013\\\/06\\\/images_artisti_1908_Alfredo_M\u00fcller_immagine.jpg\",\"width\":300,\"height\":517,\"caption\":\"Foto di Alfredo\u00a0 M\u00fcller\"},{\"@type\":\"BreadcrumbList\",\"@id\":\"https:\\\/\\\/www.sba.it\\\/ru\\\/%d1%85%d1%83%d0%b4%d0%be%d0%b6%d0%bd%d0%b8%d0%ba%d0%b8\\\/muller-alfredo-quadri-postmacchiaioli-in-vendita\\\/#breadcrumb\",\"itemListElement\":[{\"@type\":\"ListItem\",\"position\":1,\"name\":\"Home\",\"item\":\"https:\\\/\\\/www.sba.it\\\/ru\\\/\"},{\"@type\":\"ListItem\",\"position\":2,\"name\":\"\u0425\u0423\u0414\u041e\u0416\u041d\u0418\u041a\u0418\",\"item\":\"https:\\\/\\\/www.sba.it\\\/ru\\\/%d1%85%d1%83%d0%b4%d0%be%d0%b6%d0%bd%d0%b8%d0%ba%d0%b8\\\/\"},{\"@type\":\"ListItem\",\"position\":3,\"name\":\"M\u00fcller Alfredo (1869-1939). Biografia. Quadri in vendita.\"}]},{\"@type\":\"WebSite\",\"@id\":\"https:\\\/\\\/www.sba.it\\\/#website\",\"url\":\"https:\\\/\\\/www.sba.it\\\/\",\"name\":\"Societ\u00e0 di Belle Arti\",\"description\":\"Quadri macchiaioli e del 800 e 900 in vendita\",\"publisher\":{\"@id\":\"https:\\\/\\\/www.sba.it\\\/#organization\"},\"potentialAction\":[{\"@type\":\"SearchAction\",\"target\":{\"@type\":\"EntryPoint\",\"urlTemplate\":\"https:\\\/\\\/www.sba.it\\\/?s={search_term_string}\"},\"query-input\":{\"@type\":\"PropertyValueSpecification\",\"valueRequired\":true,\"valueName\":\"search_term_string\"}}],\"inLanguage\":\"ru-RU\"},{\"@type\":\"Organization\",\"@id\":\"https:\\\/\\\/www.sba.it\\\/#organization\",\"name\":\"Societ\u00e0 di Belle Arti\",\"url\":\"https:\\\/\\\/www.sba.it\\\/\",\"logo\":{\"@type\":\"ImageObject\",\"inLanguage\":\"ru-RU\",\"@id\":\"https:\\\/\\\/www.sba.it\\\/#\\\/schema\\\/logo\\\/image\\\/\",\"url\":\"https:\\\/\\\/www.sba.it\\\/wp-content\\\/uploads\\\/2019\\\/04\\\/Logo-rosso_nero.png\",\"contentUrl\":\"https:\\\/\\\/www.sba.it\\\/wp-content\\\/uploads\\\/2019\\\/04\\\/Logo-rosso_nero.png\",\"width\":2532,\"height\":1137,\"caption\":\"Societ\u00e0 di Belle Arti\"},\"image\":{\"@id\":\"https:\\\/\\\/www.sba.it\\\/#\\\/schema\\\/logo\\\/image\\\/\"},\"sameAs\":[\"https:\\\/\\\/www.facebook.com\\\/pitturaitaliana800e900\\\/\",\"https:\\\/\\\/x.com\\\/SocietaArti\",\"https:\\\/\\\/www.instagram.com\\\/societadibellearti\",\"https:\\\/\\\/www.linkedin.com\\\/in\\\/societ\u00e0-di-belle-arti-363aa8191\\\/\",\"https:\\\/\\\/www.youtube.com\\\/channel\\\/UC6fJlk-ajwhsnEIICATyXaQ\"]}]}<\/script>\n<!-- \/ Yoast SEO plugin. -->","yoast_head_json":{"title":"M\u00fcller Alfredo (1869-1939). Biografia. Quadri in vendita.","description":"Alfredo\u00a0 M\u00fcller leggi la vita del pittore postmacchiaiolo , vendita e acquisto online quadri macchiaioli postmacchiaioli di Alfredo\u00a0 M\u00fcller scopri come","robots":{"index":"index","follow":"follow","max-snippet":"max-snippet:-1","max-image-preview":"max-image-preview:large","max-video-preview":"max-video-preview:-1"},"canonical":"https:\/\/www.sba.it\/ru\/\u0445\u0443\u0434\u043e\u0436\u043d\u0438\u043a\u0438\/muller-alfredo-quadri-postmacchiaioli-in-vendita\/","og_locale":"ru_RU","og_type":"article","og_title":"M\u00fcller Alfredo (1869-1939). Biografia. Quadri in vendita.","og_description":"Alfredo\u00a0 M\u00fcller leggi la vita del pittore postmacchiaiolo , vendita e acquisto online quadri macchiaioli postmacchiaioli di Alfredo\u00a0 M\u00fcller scopri come","og_url":"https:\/\/www.sba.it\/ru\/\u0445\u0443\u0434\u043e\u0436\u043d\u0438\u043a\u0438\/muller-alfredo-quadri-postmacchiaioli-in-vendita\/","og_site_name":"Societ\u00e0 di Belle Arti","article_publisher":"https:\/\/www.facebook.com\/pitturaitaliana800e900\/","article_modified_time":"2021-03-12T08:57:25+00:00","og_image":[{"width":300,"height":517,"url":"https:\/\/www.sba.it\/wp-content\/uploads\/2013\/06\/images_artisti_1908_Alfredo_M\u00fcller_immagine.jpg","type":"image\/jpeg"}],"twitter_card":"summary_large_image","twitter_site":"@SocietaArti","twitter_misc":{"\u041f\u0440\u0438\u043c\u0435\u0440\u043d\u043e\u0435 \u0432\u0440\u0435\u043c\u044f \u0434\u043b\u044f \u0447\u0442\u0435\u043d\u0438\u044f":"2 \u043c\u0438\u043d\u0443\u0442\u044b"},"schema":{"@context":"https:\/\/schema.org","@graph":[{"@type":"WebPage","@id":"https:\/\/www.sba.it\/ru\/%d1%85%d1%83%d0%b4%d0%be%d0%b6%d0%bd%d0%b8%d0%ba%d0%b8\/muller-alfredo-quadri-postmacchiaioli-in-vendita\/","url":"https:\/\/www.sba.it\/ru\/%d1%85%d1%83%d0%b4%d0%be%d0%b6%d0%bd%d0%b8%d0%ba%d0%b8\/muller-alfredo-quadri-postmacchiaioli-in-vendita\/","name":"M\u00fcller Alfredo (1869-1939). Biografia. Quadri in vendita.","isPartOf":{"@id":"https:\/\/www.sba.it\/#website"},"primaryImageOfPage":{"@id":"https:\/\/www.sba.it\/ru\/%d1%85%d1%83%d0%b4%d0%be%d0%b6%d0%bd%d0%b8%d0%ba%d0%b8\/muller-alfredo-quadri-postmacchiaioli-in-vendita\/#primaryimage"},"image":{"@id":"https:\/\/www.sba.it\/ru\/%d1%85%d1%83%d0%b4%d0%be%d0%b6%d0%bd%d0%b8%d0%ba%d0%b8\/muller-alfredo-quadri-postmacchiaioli-in-vendita\/#primaryimage"},"thumbnailUrl":"https:\/\/www.sba.it\/wp-content\/uploads\/2013\/06\/images_artisti_1908_Alfredo_M\u00fcller_immagine.jpg","datePublished":"2013-06-17T07:34:48+00:00","dateModified":"2021-03-12T08:57:25+00:00","description":"Alfredo\u00a0 M\u00fcller leggi la vita del pittore postmacchiaiolo , vendita e acquisto online quadri macchiaioli postmacchiaioli di Alfredo\u00a0 M\u00fcller scopri come","breadcrumb":{"@id":"https:\/\/www.sba.it\/ru\/%d1%85%d1%83%d0%b4%d0%be%d0%b6%d0%bd%d0%b8%d0%ba%d0%b8\/muller-alfredo-quadri-postmacchiaioli-in-vendita\/#breadcrumb"},"inLanguage":"ru-RU","potentialAction":[{"@type":"ReadAction","target":["https:\/\/www.sba.it\/ru\/%d1%85%d1%83%d0%b4%d0%be%d0%b6%d0%bd%d0%b8%d0%ba%d0%b8\/muller-alfredo-quadri-postmacchiaioli-in-vendita\/"]}]},{"@type":"ImageObject","inLanguage":"ru-RU","@id":"https:\/\/www.sba.it\/ru\/%d1%85%d1%83%d0%b4%d0%be%d0%b6%d0%bd%d0%b8%d0%ba%d0%b8\/muller-alfredo-quadri-postmacchiaioli-in-vendita\/#primaryimage","url":"https:\/\/www.sba.it\/wp-content\/uploads\/2013\/06\/images_artisti_1908_Alfredo_M\u00fcller_immagine.jpg","contentUrl":"https:\/\/www.sba.it\/wp-content\/uploads\/2013\/06\/images_artisti_1908_Alfredo_M\u00fcller_immagine.jpg","width":300,"height":517,"caption":"Foto di Alfredo\u00a0 M\u00fcller"},{"@type":"BreadcrumbList","@id":"https:\/\/www.sba.it\/ru\/%d1%85%d1%83%d0%b4%d0%be%d0%b6%d0%bd%d0%b8%d0%ba%d0%b8\/muller-alfredo-quadri-postmacchiaioli-in-vendita\/#breadcrumb","itemListElement":[{"@type":"ListItem","position":1,"name":"Home","item":"https:\/\/www.sba.it\/ru\/"},{"@type":"ListItem","position":2,"name":"\u0425\u0423\u0414\u041e\u0416\u041d\u0418\u041a\u0418","item":"https:\/\/www.sba.it\/ru\/%d1%85%d1%83%d0%b4%d0%be%d0%b6%d0%bd%d0%b8%d0%ba%d0%b8\/"},{"@type":"ListItem","position":3,"name":"M\u00fcller Alfredo (1869-1939). Biografia. Quadri in vendita."}]},{"@type":"WebSite","@id":"https:\/\/www.sba.it\/#website","url":"https:\/\/www.sba.it\/","name":"Societ\u00e0 di Belle Arti","description":"Quadri macchiaioli e del 800 e 900 in vendita","publisher":{"@id":"https:\/\/www.sba.it\/#organization"},"potentialAction":[{"@type":"SearchAction","target":{"@type":"EntryPoint","urlTemplate":"https:\/\/www.sba.it\/?s={search_term_string}"},"query-input":{"@type":"PropertyValueSpecification","valueRequired":true,"valueName":"search_term_string"}}],"inLanguage":"ru-RU"},{"@type":"Organization","@id":"https:\/\/www.sba.it\/#organization","name":"Societ\u00e0 di Belle Arti","url":"https:\/\/www.sba.it\/","logo":{"@type":"ImageObject","inLanguage":"ru-RU","@id":"https:\/\/www.sba.it\/#\/schema\/logo\/image\/","url":"https:\/\/www.sba.it\/wp-content\/uploads\/2019\/04\/Logo-rosso_nero.png","contentUrl":"https:\/\/www.sba.it\/wp-content\/uploads\/2019\/04\/Logo-rosso_nero.png","width":2532,"height":1137,"caption":"Societ\u00e0 di Belle Arti"},"image":{"@id":"https:\/\/www.sba.it\/#\/schema\/logo\/image\/"},"sameAs":["https:\/\/www.facebook.com\/pitturaitaliana800e900\/","https:\/\/x.com\/SocietaArti","https:\/\/www.instagram.com\/societadibellearti","https:\/\/www.linkedin.com\/in\/societ\u00e0-di-belle-arti-363aa8191\/","https:\/\/www.youtube.com\/channel\/UC6fJlk-ajwhsnEIICATyXaQ"]}]}},"_links":{"self":[{"href":"https:\/\/www.sba.it\/ru\/wp-json\/wp\/v2\/pages\/73969","targetHints":{"allow":["GET"]}}],"collection":[{"href":"https:\/\/www.sba.it\/ru\/wp-json\/wp\/v2\/pages"}],"about":[{"href":"https:\/\/www.sba.it\/ru\/wp-json\/wp\/v2\/types\/page"}],"author":[{"embeddable":true,"href":"https:\/\/www.sba.it\/ru\/wp-json\/wp\/v2\/users\/1"}],"replies":[{"embeddable":true,"href":"https:\/\/www.sba.it\/ru\/wp-json\/wp\/v2\/comments?post=73969"}],"version-history":[{"count":4,"href":"https:\/\/www.sba.it\/ru\/wp-json\/wp\/v2\/pages\/73969\/revisions"}],"predecessor-version":[{"id":88685,"href":"https:\/\/www.sba.it\/ru\/wp-json\/wp\/v2\/pages\/73969\/revisions\/88685"}],"up":[{"embeddable":true,"href":"https:\/\/www.sba.it\/ru\/wp-json\/wp\/v2\/pages\/73491"}],"wp:featuredmedia":[{"embeddable":true,"href":"https:\/\/www.sba.it\/ru\/wp-json\/wp\/v2\/media\/393"}],"wp:attachment":[{"href":"https:\/\/www.sba.it\/ru\/wp-json\/wp\/v2\/media?parent=73969"}],"curies":[{"name":"wp","href":"https:\/\/api.w.org\/{rel}","templated":true}]}}