{"id":1649,"date":"2013-12-10T15:49:47","date_gmt":"2013-12-10T14:49:47","guid":{"rendered":"http:\/\/www.sba.it\/sba-at-official-exhibitions-russian\/"},"modified":"2013-12-10T15:49:47","modified_gmt":"2013-12-10T14:49:47","slug":"sba-at-official-exhibitions-russian","status":"publish","type":"page","link":"https:\/\/www.sba.it\/ru\/sba-at-official-exhibitions-russian\/","title":{"rendered":"\u041e\u0411\u0429\u0415\u0421\u0422\u0412\u041e \u0418\u0417\u042f\u0429\u041d\u042b\u0425 \u0418\u0421\u041a\u0423\u0421\u0421\u0422\u0412 \u041d\u0410 \u041e\u0424\u0418\u0426\u0418\u0410\u041b\u042c\u041d\u042b\u0425 \u0412\u042b\u0421\u0422\u0410\u0412\u041a\u0410\u0425"},"content":{"rendered":"<p>\u0411\u043b\u0430\u0433\u043e\u0434\u0430\u0440\u044f \u0443\u043a\u0440\u0435\u043f\u043b\u0435\u043d\u043d\u043e\u043c\u0443 \u043e\u043f\u044b\u0442\u0443 \u041e\u0431\u0449\u0435\u0441\u0442\u0432\u043e \u0418\u0437\u044f\u0449\u043d\u044b\u0445 \u0418\u0441\u043a\u0443\u0441\u0441\u0442\u0432 \u0447\u0430\u0441\u0442\u043e \u043f\u0440\u0438\u0433\u043b\u0430\u0448\u0430\u044e\u0442 \u043a \u0441\u043e\u0442\u0440\u0443\u0434\u043d\u0438\u0447\u0435\u0441\u0442\u0432\u0443 \u0441 \u0433\u043e\u0441\u0443\u0434\u0430\u0440\u0441\u0442\u0432\u0435\u043d\u043d\u044b\u043c\u0438 \u0438 &nbsp;\u0447\u0430\u0441\u0442\u043d\u044b\u043c\u0438 \u043e\u0440\u0433\u0430\u043d\u0438\u0437\u0430\u0446\u0438\u044f\u043c\u0438 \u0438 \u0443\u0447\u0440\u0435\u0436\u0434\u0435\u043d\u0438\u044f\u043c\u0438 \u0434\u043b\u044f \u0440\u0435\u0430\u043b\u0438\u0437\u0430\u0446\u0438\u0438 \u0432\u0430\u0436\u043d\u044b\u0445 \u0432\u044b\u0441\u0442\u0430\u0432\u043e\u0447\u043d\u044b\u0445 \u043c\u0435\u0440\u043e\u043f\u0440\u0438\u044f\u0442\u0438\u0439.<\/p>\n<p><strong><br \/>I Macchiaioli 1850-1874. Impressionisti italiani?<br \/> <\/strong>Parigi, Museo dell\u2019Orangerie, 10 aprile-22 luglio 2013<br \/>Madrid, Fondazione MAPFRE, 12 settembre 2013 \u2013 5 gennaio 2014<\/p>\n<p><strong><br \/>Arte e vita in Italia tra le due guerre<br \/> <\/strong>Forl\u00ec, Musei di San Domenico, 2 febbraio-16 giugno 2013<\/p>\n<p><strong><br \/>De Nittis<br \/> <\/strong>Padova, Palazzo Zabarella 19 gennaio -26 maggio 2013<\/p>\n<p><strong><br \/>Anni Trenta. Le arti in Italia durante il fascismo<br \/> <\/strong>Firenze, Palazzo Strozzi, 14 settembre 2012-27 gennaio 2013<\/p>\n<p><strong><br \/>La Patria, l\u2019Arte, la Donna. Francesco Saverio Altamura e la pittura dell\u2019Ottocento in Italia<br \/> <\/strong>Foggia, Palazzo della Dogana &#8212; Museo Civico, 10 novembre 2012 -13 gennaio 2013<\/p>\n<p><strong><br \/> Giapponismo. Suggestioni d\u2019oriente dai Macchiaioli agli anni Trenta<br \/> <\/strong>Firenze, Galleria d\u2019Arte Moderna di Palazzo Pitti 3 aprile &#8212; 1 luglio 2012<\/p>\n<p> <strong><br \/> Da Fattori al Novecento. Opere inedite dalla collezione Roster Del Greco Olschki<br \/> <\/strong>Firenze, Villa Bardini, 1 aprile -4 novembre 2012<\/p>\n<p> <strong><br \/> Pittori del Risorgimento per Roma. 1848-1870<br \/> <\/strong>Roma, Palazzo Braschi, 18 settembre 2011-9 gennaio 2012<\/p>\n<p> <strong><br \/> La Bella Italia. Arte e identit\u00e0 delle citt\u00e0 capitali<br \/> <\/strong>Torino,La Venaria Reale , 17 marzo 2011 \u2013 11 settembre 2011<br \/> Firenze, Palazzo Pitti 11 ottobre 2011 \u2013 12 febbraio 2012<\/p>\n<p><strong><br \/> Alfred Muller un ineffabile dandy dell\u2019Impressionismo<br \/> <\/strong>Livorno, Villa Mimbelli, 26 febbraio 2011 \u2013 25 aprile 2011<\/p>\n<p><strong><br \/> Novecento Sedotto. Il fascino del seicento tra le due guerre<br \/> <\/strong>Firenze, Villa Bardini, 15 dicembre 2010 \u2013 1 Maggio 2011<\/p>\n<p><strong><br \/> Giuseppe De Nittis. La modernit\u00e9 \u00e9l\u00e9gante<br \/> <\/strong>Parigi, Petit Palais, mus\u00e9e des Beaux-Arts de la Ville de Paris 21 ottobre 2010-16 gennaio2011<br \/> Parma, Palazzo del governatore, 6 febbraio-8 maggio 2011<\/p>\n<p><strong><br \/> 1861. I Pittori del Risorgimento<br \/> <\/strong>Roma, Scuderie del Quirinale, 5 ottobre 2010 \u2013 16 gennaio 2011<\/p>\n<p><strong><br \/> Garibaldi. Mito e realt\u00e0<br \/> <\/strong>Palermo, Galleria Nazionale Arte Moderna di Palermo presso Complesso monumentale Sant\u2019Anna, 27 maggio \u2013 27 giugno 2010<\/p>\n<p> <strong><br \/> Giacomo Favretto. Venezia fascino e seduzione<br \/> <\/strong>DART Chiostro del Bramante<strong>, <\/strong>Roma 16 aprile &#8212; 4 luglio 2010<br \/> Museo Correr, Venezia, 31 luglio-21 novembre 2010 <\/p>\n<p> <strong><br \/> Boldini e gli Italiani a Parigi. Tra realt\u00e0 e impressione<br \/> <\/strong>Roma, Chiostro del Bramante, 15 novembre 2009 \u2013 11 aprile 2010<\/p>\n<p><strong><br \/> Telemaco Signorini e la pittura in Europa<br \/> <\/strong>Padova, Palazzo Zabarella, 19 settembre 2009-31 gennaio 2010<\/p>\n<p><strong><br \/> Lorenzo Viani. La collezione Bargellini e altre testimonianze<br \/> <\/strong>Firenze, Sala delle Colonne, Ente Cassa di Risparmio di Firenze, 25 settembre -3 novembre 2009<br \/> Viareggio, Galleria di Arte Moderna e Contemporanea \u201cLorenzo Viani\u201d, 12 novembre \u2013 13 dicembre 2009<\/p>\n<p> <strong><br \/> La Belle Epoque. Arte in Italia 1880-1915<br \/> <\/strong>Rovigo, Palazzo Roverella, 10 febbraio- 13 luglio 2008<br \/> <strong><\/p>\n<p> Ottocento. Da Canova al Quarto Stato<br \/> <\/strong>Roma, Scuderie del Quirinale, 28 febbraio \u2013 10 giugno 2008<\/p>\n<p> <strong><br \/> Capolavori che ritornano<br \/> <\/strong>Roma, Fondazione Memmo \u2013 Palazzo Ruspoli, 27 febbraio \u2013 29 giugno 2008<\/p>\n<p> <strong><br \/> I Macchiaioli. Sentimenti del vero<br \/> <\/strong>Roma, Chiostro del Bramante., 10 ottobre 2007 \u2013 3 febbraio 2008<\/p>\n<p> <strong><br \/> Soffici 1907-2007. Cento anni dal ritorno in Italia<br \/> <\/strong>Poggio a Caiano, Scuderie Medicee, 28 aprile \u2013 8 luglio 2007<br \/> <strong><\/p>\n<p> Vincenzo Cabianca e la civilt\u00e0 dei Macchiaioli<br \/> <\/strong>Orvieto, Palazzo Coelli, 5 aprile \u2013 1 luglio 2007<br \/> Firenze, Villa Bardini, 12 luglio \u2013 14 ottobre 2007<\/p>\n<p> <strong><br \/> Silvestro Lega. I Macchiaioli e il Quattrocento<br \/> <\/strong>Forl\u00ec,Musei San Domenico, 14 gennaio \u2013 24 giugno 2007<\/p>\n<p> <strong><br \/> Arte e lavoro tra Ottocento e Novecento<br \/> <\/strong>Pontedera, Museo Piaggio \u201cGiovanni Alberto Agnelli\u201d, 28 dicembre 2006 \u2013 15 aprile 2007<\/p>\n<p> <strong><br \/> Estate Incantata. Ram e Thayaht da Parigi a Casa Bianca<br \/> <\/strong>Forte dei Marmi, Il Fortino, 14 luglio \u2013 24 settembre 2006<\/p>\n<p> <strong><br \/> Zandomeneghi. Un veneziano tra gli Impressionisti<br \/> <\/strong>Roma, Chiostro del Bramante, 5 novembre 2005 \u2013 5 marzo 2006<\/p>\n<p><strong><br \/> Romantici e Macchiaioli. Giuseppe Mazzini e la grande pittura europea<br \/> <\/strong>Genova, palazzo Ducale, 21 ottobre 2005 \u2013 12 febbraio 2006<\/p>\n<p><strong><br \/> Boldini<br \/> <\/strong>Padova, Palazzo Zabarella, 15 gennaio \u2013 29 maggio 2005<br \/> Roma, Galleria Nazionale d\u2019Arte Moderna, 22 giugno \u2013 25 settembre 2005<\/p>\n<p><strong><br \/> Paesaggi. Visioni e interpretazioni della natura nell\u2019arte italiana dell\u2019Ottocento<br \/> <\/strong>Pavia, Castello Visconteo, 27 novembre 2004 \u2013 3 aprile 2005<\/p>\n<p> <strong><br \/> Dai Macchiaioli agli Impressionisti<\/strong>. <strong>Il mondo di Zandomeneghi<br \/> <\/strong>Castiglioncello, Castello Pasquini, 17 luglio \u2013 31 ottobre 2004 <\/p>\n<p> <strong>La scuola di Micheli: da Modigliani a Lloyd<br \/> <\/strong>Marina di Pietrasanta, Villa la Versiliana, 3 luglio \u2013 29 agosto 2004<br \/> Livorno, Granai e scuderie di Villa Mimbelli, 18 settembre \u2013 21 novembre 2004<\/p>\n<p>&nbsp;<\/p>\n<p>&nbsp;<\/p>\n<p>&nbsp;<\/p>\n<p>&nbsp;<\/p>\n","protected":false},"excerpt":{"rendered":"<p>\u0411\u043b\u0430\u0433\u043e\u0434\u0430\u0440\u044f \u0443\u043a\u0440\u0435\u043f\u043b\u0435\u043d\u043d\u043e\u043c\u0443 \u043e\u043f\u044b\u0442\u0443 \u041e\u0431\u0449\u0435\u0441\u0442\u0432\u043e \u0418\u0437\u044f\u0449\u043d\u044b\u0445 \u0418\u0441\u043a\u0443\u0441\u0441\u0442\u0432 \u0447\u0430\u0441\u0442\u043e \u043f\u0440\u0438\u0433\u043b\u0430\u0448\u0430\u044e\u0442 \u043a \u0441\u043e\u0442\u0440\u0443\u0434\u043d\u0438\u0447\u0435\u0441\u0442\u0432\u0443 \u0441 \u0433\u043e\u0441\u0443\u0434\u0430\u0440\u0441\u0442\u0432\u0435\u043d\u043d\u044b\u043c\u0438 \u0438 &nbsp;\u0447\u0430\u0441\u0442\u043d\u044b\u043c\u0438 \u043e\u0440\u0433\u0430\u043d\u0438\u0437\u0430\u0446\u0438\u044f\u043c\u0438 \u0438 \u0443\u0447\u0440\u0435\u0436\u0434\u0435\u043d\u0438\u044f\u043c\u0438 \u0434\u043b\u044f \u0440\u0435\u0430\u043b\u0438\u0437\u0430\u0446\u0438\u0438 \u0432\u0430\u0436\u043d\u044b\u0445 [&hellip;]<\/p>\n","protected":false},"author":1,"featured_media":0,"parent":0,"menu_order":11,"comment_status":"closed","ping_status":"closed","template":"","meta":{"_monsterinsights_skip_tracking":false,"_monsterinsights_sitenote_active":false,"_monsterinsights_sitenote_note":"","_monsterinsights_sitenote_category":0,"footnotes":""},"class_list":["post-1649","page","type-page","status-publish","hentry"],"yoast_head":"<!-- This site is optimized with the Yoast SEO plugin v27.5 - https:\/\/yoast.com\/product\/yoast-seo-wordpress\/ -->\n<title>\u041e\u0411\u0429\u0415\u0421\u0422\u0412\u041e \u0418\u0417\u042f\u0429\u041d\u042b\u0425 \u0418\u0421\u041a\u0423\u0421\u0421\u0422\u0412 \u041d\u0410 \u041e\u0424\u0418\u0426\u0418\u0410\u041b\u042c\u041d\u042b\u0425 \u0412\u042b\u0421\u0422\u0410\u0412\u041a\u0410\u0425 - Societ\u00e0 di Belle Arti<\/title>\n<meta name=\"description\" content=\"Societ\u00e0 di Belle Arti at official exhibitions russian I Macchiaioli 1850-1874. Impressionisti italiani\" \/>\n<meta name=\"robots\" content=\"index, follow, max-snippet:-1, max-image-preview:large, max-video-preview:-1\" \/>\n<link rel=\"canonical\" href=\"https:\/\/www.sba.it\/ru\/sba-at-official-exhibitions-russian\/\" \/>\n<meta property=\"og:locale\" content=\"ru_RU\" \/>\n<meta property=\"og:type\" content=\"article\" \/>\n<meta property=\"og:title\" content=\"\u041e\u0411\u0429\u0415\u0421\u0422\u0412\u041e \u0418\u0417\u042f\u0429\u041d\u042b\u0425 \u0418\u0421\u041a\u0423\u0421\u0421\u0422\u0412 \u041d\u0410 \u041e\u0424\u0418\u0426\u0418\u0410\u041b\u042c\u041d\u042b\u0425 \u0412\u042b\u0421\u0422\u0410\u0412\u041a\u0410\u0425 - Societ\u00e0 di Belle Arti\" \/>\n<meta property=\"og:description\" content=\"Societ\u00e0 di Belle Arti at official exhibitions russian I Macchiaioli 1850-1874. Impressionisti italiani\" \/>\n<meta property=\"og:url\" content=\"https:\/\/www.sba.it\/ru\/sba-at-official-exhibitions-russian\/\" \/>\n<meta property=\"og:site_name\" content=\"Societ\u00e0 di Belle Arti\" \/>\n<meta property=\"article:publisher\" content=\"https:\/\/www.facebook.com\/pitturaitaliana800e900\/\" \/>\n<meta name=\"twitter:card\" content=\"summary_large_image\" \/>\n<meta name=\"twitter:site\" content=\"@SocietaArti\" \/>\n<meta name=\"twitter:label1\" content=\"\u041f\u0440\u0438\u043c\u0435\u0440\u043d\u043e\u0435 \u0432\u0440\u0435\u043c\u044f \u0434\u043b\u044f \u0447\u0442\u0435\u043d\u0438\u044f\" \/>\n\t<meta name=\"twitter:data1\" content=\"3 \u043c\u0438\u043d\u0443\u0442\u044b\" \/>\n<script type=\"application\/ld+json\" class=\"yoast-schema-graph\">{\"@context\":\"https:\\\/\\\/schema.org\",\"@graph\":[{\"@type\":\"WebPage\",\"@id\":\"https:\\\/\\\/www.sba.it\\\/ru\\\/sba-at-official-exhibitions-russian\\\/\",\"url\":\"https:\\\/\\\/www.sba.it\\\/ru\\\/sba-at-official-exhibitions-russian\\\/\",\"name\":\"\u041e\u0411\u0429\u0415\u0421\u0422\u0412\u041e \u0418\u0417\u042f\u0429\u041d\u042b\u0425 \u0418\u0421\u041a\u0423\u0421\u0421\u0422\u0412 \u041d\u0410 \u041e\u0424\u0418\u0426\u0418\u0410\u041b\u042c\u041d\u042b\u0425 \u0412\u042b\u0421\u0422\u0410\u0412\u041a\u0410\u0425 - Societ\u00e0 di Belle Arti\",\"isPartOf\":{\"@id\":\"https:\\\/\\\/www.sba.it\\\/#website\"},\"datePublished\":\"2013-12-10T14:49:47+00:00\",\"description\":\"Societ\u00e0 di Belle Arti at official exhibitions russian I Macchiaioli 1850-1874. Impressionisti italiani\",\"breadcrumb\":{\"@id\":\"https:\\\/\\\/www.sba.it\\\/ru\\\/sba-at-official-exhibitions-russian\\\/#breadcrumb\"},\"inLanguage\":\"ru-RU\",\"potentialAction\":[{\"@type\":\"ReadAction\",\"target\":[\"https:\\\/\\\/www.sba.it\\\/ru\\\/sba-at-official-exhibitions-russian\\\/\"]}]},{\"@type\":\"BreadcrumbList\",\"@id\":\"https:\\\/\\\/www.sba.it\\\/ru\\\/sba-at-official-exhibitions-russian\\\/#breadcrumb\",\"itemListElement\":[{\"@type\":\"ListItem\",\"position\":1,\"name\":\"Home\",\"item\":\"https:\\\/\\\/www.sba.it\\\/ru\\\/\"},{\"@type\":\"ListItem\",\"position\":2,\"name\":\"\u041e\u0411\u0429\u0415\u0421\u0422\u0412\u041e \u0418\u0417\u042f\u0429\u041d\u042b\u0425 \u0418\u0421\u041a\u0423\u0421\u0421\u0422\u0412 \u041d\u0410 \u041e\u0424\u0418\u0426\u0418\u0410\u041b\u042c\u041d\u042b\u0425 \u0412\u042b\u0421\u0422\u0410\u0412\u041a\u0410\u0425\"}]},{\"@type\":\"WebSite\",\"@id\":\"https:\\\/\\\/www.sba.it\\\/#website\",\"url\":\"https:\\\/\\\/www.sba.it\\\/\",\"name\":\"Societ\u00e0 di Belle Arti\",\"description\":\"Quadri macchiaioli e del 800 e 900 in vendita\",\"publisher\":{\"@id\":\"https:\\\/\\\/www.sba.it\\\/#organization\"},\"potentialAction\":[{\"@type\":\"SearchAction\",\"target\":{\"@type\":\"EntryPoint\",\"urlTemplate\":\"https:\\\/\\\/www.sba.it\\\/?s={search_term_string}\"},\"query-input\":{\"@type\":\"PropertyValueSpecification\",\"valueRequired\":true,\"valueName\":\"search_term_string\"}}],\"inLanguage\":\"ru-RU\"},{\"@type\":\"Organization\",\"@id\":\"https:\\\/\\\/www.sba.it\\\/#organization\",\"name\":\"Societ\u00e0 di Belle Arti\",\"url\":\"https:\\\/\\\/www.sba.it\\\/\",\"logo\":{\"@type\":\"ImageObject\",\"inLanguage\":\"ru-RU\",\"@id\":\"https:\\\/\\\/www.sba.it\\\/#\\\/schema\\\/logo\\\/image\\\/\",\"url\":\"https:\\\/\\\/www.sba.it\\\/wp-content\\\/uploads\\\/2019\\\/04\\\/Logo-rosso_nero.png\",\"contentUrl\":\"https:\\\/\\\/www.sba.it\\\/wp-content\\\/uploads\\\/2019\\\/04\\\/Logo-rosso_nero.png\",\"width\":2532,\"height\":1137,\"caption\":\"Societ\u00e0 di Belle Arti\"},\"image\":{\"@id\":\"https:\\\/\\\/www.sba.it\\\/#\\\/schema\\\/logo\\\/image\\\/\"},\"sameAs\":[\"https:\\\/\\\/www.facebook.com\\\/pitturaitaliana800e900\\\/\",\"https:\\\/\\\/x.com\\\/SocietaArti\",\"https:\\\/\\\/www.instagram.com\\\/societadibellearti\",\"https:\\\/\\\/www.linkedin.com\\\/in\\\/societ\u00e0-di-belle-arti-363aa8191\\\/\",\"https:\\\/\\\/www.youtube.com\\\/channel\\\/UC6fJlk-ajwhsnEIICATyXaQ\"]}]}<\/script>\n<!-- \/ Yoast SEO plugin. -->","yoast_head_json":{"title":"\u041e\u0411\u0429\u0415\u0421\u0422\u0412\u041e \u0418\u0417\u042f\u0429\u041d\u042b\u0425 \u0418\u0421\u041a\u0423\u0421\u0421\u0422\u0412 \u041d\u0410 \u041e\u0424\u0418\u0426\u0418\u0410\u041b\u042c\u041d\u042b\u0425 \u0412\u042b\u0421\u0422\u0410\u0412\u041a\u0410\u0425 - Societ\u00e0 di Belle Arti","description":"Societ\u00e0 di Belle Arti at official exhibitions russian I Macchiaioli 1850-1874. Impressionisti italiani","robots":{"index":"index","follow":"follow","max-snippet":"max-snippet:-1","max-image-preview":"max-image-preview:large","max-video-preview":"max-video-preview:-1"},"canonical":"https:\/\/www.sba.it\/ru\/sba-at-official-exhibitions-russian\/","og_locale":"ru_RU","og_type":"article","og_title":"\u041e\u0411\u0429\u0415\u0421\u0422\u0412\u041e \u0418\u0417\u042f\u0429\u041d\u042b\u0425 \u0418\u0421\u041a\u0423\u0421\u0421\u0422\u0412 \u041d\u0410 \u041e\u0424\u0418\u0426\u0418\u0410\u041b\u042c\u041d\u042b\u0425 \u0412\u042b\u0421\u0422\u0410\u0412\u041a\u0410\u0425 - Societ\u00e0 di Belle Arti","og_description":"Societ\u00e0 di Belle Arti at official exhibitions russian I Macchiaioli 1850-1874. Impressionisti italiani","og_url":"https:\/\/www.sba.it\/ru\/sba-at-official-exhibitions-russian\/","og_site_name":"Societ\u00e0 di Belle Arti","article_publisher":"https:\/\/www.facebook.com\/pitturaitaliana800e900\/","twitter_card":"summary_large_image","twitter_site":"@SocietaArti","twitter_misc":{"\u041f\u0440\u0438\u043c\u0435\u0440\u043d\u043e\u0435 \u0432\u0440\u0435\u043c\u044f \u0434\u043b\u044f \u0447\u0442\u0435\u043d\u0438\u044f":"3 \u043c\u0438\u043d\u0443\u0442\u044b"},"schema":{"@context":"https:\/\/schema.org","@graph":[{"@type":"WebPage","@id":"https:\/\/www.sba.it\/ru\/sba-at-official-exhibitions-russian\/","url":"https:\/\/www.sba.it\/ru\/sba-at-official-exhibitions-russian\/","name":"\u041e\u0411\u0429\u0415\u0421\u0422\u0412\u041e \u0418\u0417\u042f\u0429\u041d\u042b\u0425 \u0418\u0421\u041a\u0423\u0421\u0421\u0422\u0412 \u041d\u0410 \u041e\u0424\u0418\u0426\u0418\u0410\u041b\u042c\u041d\u042b\u0425 \u0412\u042b\u0421\u0422\u0410\u0412\u041a\u0410\u0425 - Societ\u00e0 di Belle Arti","isPartOf":{"@id":"https:\/\/www.sba.it\/#website"},"datePublished":"2013-12-10T14:49:47+00:00","description":"Societ\u00e0 di Belle Arti at official exhibitions russian I Macchiaioli 1850-1874. Impressionisti italiani","breadcrumb":{"@id":"https:\/\/www.sba.it\/ru\/sba-at-official-exhibitions-russian\/#breadcrumb"},"inLanguage":"ru-RU","potentialAction":[{"@type":"ReadAction","target":["https:\/\/www.sba.it\/ru\/sba-at-official-exhibitions-russian\/"]}]},{"@type":"BreadcrumbList","@id":"https:\/\/www.sba.it\/ru\/sba-at-official-exhibitions-russian\/#breadcrumb","itemListElement":[{"@type":"ListItem","position":1,"name":"Home","item":"https:\/\/www.sba.it\/ru\/"},{"@type":"ListItem","position":2,"name":"\u041e\u0411\u0429\u0415\u0421\u0422\u0412\u041e \u0418\u0417\u042f\u0429\u041d\u042b\u0425 \u0418\u0421\u041a\u0423\u0421\u0421\u0422\u0412 \u041d\u0410 \u041e\u0424\u0418\u0426\u0418\u0410\u041b\u042c\u041d\u042b\u0425 \u0412\u042b\u0421\u0422\u0410\u0412\u041a\u0410\u0425"}]},{"@type":"WebSite","@id":"https:\/\/www.sba.it\/#website","url":"https:\/\/www.sba.it\/","name":"Societ\u00e0 di Belle Arti","description":"Quadri macchiaioli e del 800 e 900 in vendita","publisher":{"@id":"https:\/\/www.sba.it\/#organization"},"potentialAction":[{"@type":"SearchAction","target":{"@type":"EntryPoint","urlTemplate":"https:\/\/www.sba.it\/?s={search_term_string}"},"query-input":{"@type":"PropertyValueSpecification","valueRequired":true,"valueName":"search_term_string"}}],"inLanguage":"ru-RU"},{"@type":"Organization","@id":"https:\/\/www.sba.it\/#organization","name":"Societ\u00e0 di Belle Arti","url":"https:\/\/www.sba.it\/","logo":{"@type":"ImageObject","inLanguage":"ru-RU","@id":"https:\/\/www.sba.it\/#\/schema\/logo\/image\/","url":"https:\/\/www.sba.it\/wp-content\/uploads\/2019\/04\/Logo-rosso_nero.png","contentUrl":"https:\/\/www.sba.it\/wp-content\/uploads\/2019\/04\/Logo-rosso_nero.png","width":2532,"height":1137,"caption":"Societ\u00e0 di Belle Arti"},"image":{"@id":"https:\/\/www.sba.it\/#\/schema\/logo\/image\/"},"sameAs":["https:\/\/www.facebook.com\/pitturaitaliana800e900\/","https:\/\/x.com\/SocietaArti","https:\/\/www.instagram.com\/societadibellearti","https:\/\/www.linkedin.com\/in\/societ\u00e0-di-belle-arti-363aa8191\/","https:\/\/www.youtube.com\/channel\/UC6fJlk-ajwhsnEIICATyXaQ"]}]}},"_links":{"self":[{"href":"https:\/\/www.sba.it\/ru\/wp-json\/wp\/v2\/pages\/1649","targetHints":{"allow":["GET"]}}],"collection":[{"href":"https:\/\/www.sba.it\/ru\/wp-json\/wp\/v2\/pages"}],"about":[{"href":"https:\/\/www.sba.it\/ru\/wp-json\/wp\/v2\/types\/page"}],"author":[{"embeddable":true,"href":"https:\/\/www.sba.it\/ru\/wp-json\/wp\/v2\/users\/1"}],"replies":[{"embeddable":true,"href":"https:\/\/www.sba.it\/ru\/wp-json\/wp\/v2\/comments?post=1649"}],"version-history":[{"count":0,"href":"https:\/\/www.sba.it\/ru\/wp-json\/wp\/v2\/pages\/1649\/revisions"}],"wp:attachment":[{"href":"https:\/\/www.sba.it\/ru\/wp-json\/wp\/v2\/media?parent=1649"}],"curies":[{"name":"wp","href":"https:\/\/api.w.org\/{rel}","templated":true}]}}