{"id":75718,"date":"2018-06-06T07:37:38","date_gmt":"2018-06-06T05:37:38","guid":{"rendered":"http:\/\/www.sba.it\/filadelfo-simi-biografia-quadri-vendita-stima-perizia-dipinti-filadelfo-simi\/"},"modified":"2021-10-28T11:44:57","modified_gmt":"2021-10-28T09:44:57","slug":"filadelfo-simi-biografia-quadri-vendita-stima-perizia-dipinti-filadelfo-simi","status":"publish","type":"page","link":"https:\/\/www.sba.it\/en\/artists\/filadelfo-simi-biografia-quadri-vendita-stima-perizia-dipinti-filadelfo-simi\/","title":{"rendered":"Simi Filadelfo (1849-1923). Biografia. Quadri in vendita."},"content":{"rendered":"<p style=\"text-align: justify;\"><img decoding=\"async\" class=\" alignleft size-full wp-image-3302\" style=\"margin-right: 20px; float: left;\" src=\"http:\/\/www.sba.it\/wp-content\/uploads\/2018\/06\/images_artisti_Filadelfo-Simi-autoritratto.jpg\" alt=\"Filadelfo-Simi-autoritratto\" width=\"300\" height=\"371\" srcset=\"https:\/\/www.sba.it\/wp-content\/uploads\/2018\/06\/images_artisti_Filadelfo-Simi-autoritratto.jpg 300w, https:\/\/www.sba.it\/wp-content\/uploads\/2018\/06\/images_artisti_Filadelfo-Simi-autoritratto-243x300.jpg 243w\" sizes=\"(max-width: 300px) 100vw, 300px\" \/>Filadelfo Simi nacque a Levigliani ( Lucca) nel 1849. Dopo aver conseguito il diploma all\u2019<a href=\"https:\/\/www.accademia.firenze.it\/it\/\">Accademia di Belle Arti di Firenze<\/a>, a 25 anni si trasfer\u00ec a Parigi frequentando lo studio di Jean-L\u00e9on G\u00e9rome e avendo modo di conoscere <a href=\"http:\/\/www.sba.it\/giuseppe-de-nittis-biografia-quadri-in-vendita-valutazione-stima-perizia-certificata-di-dipinti-di-giuseppe-de-nittis\/\">Giuseppe De Nittis<\/a>. Nel 1876 visit\u00f2 la Spagna in compagnia del pittore americanoo Albert Wiel con il quale condivideva l\u2019interesse per l\u2019orientalismo di stile moresco. Rientrato a Parigi, vi si trattenne sino al \u201878, anno in cui espose al Salon La Foresta di Fontainebleau. \u00a0Si stabil\u00ec poi a Firenze trascorrendo per\u00f2 lunghi periodi nella campagna di Stazzema. Grazie all\u2019aiuto del suo mecenate Angelo Vegni, apr\u00ec in citt\u00e0 una scuola internazionale a cui dedic\u00f2 molta attenzione fino alla sua morte. Nel 1887 present\u00f2 all\u2019Esposizione Internazionale di Venezia Un riflesso, attraverso il quale manifest\u00f2 un certo interesse per la pittura preraffaellita. L\u2019opera ottenne vasti consensi da parte della critica, venendo acquistata dalla Galleria Nazionale d\u2019Arte Moderna e Contemporanea di Roma per poi essere riproposta, nel 1888, all\u2019Esposizione londinese d\u2019Arte Italiana, nel 1893 all\u2019Esposizione di Belle Arti di Firenze e in occasione dell\u2019Esposizione Internazionale di Monaco del 1905.<\/p>\n<p style=\"text-align: justify;\">Nel 1895 figur\u00f2 alla prima Biennale di Venezia con <em>Le Parche e Bice<\/em>. <em>Iridescenze della madreperla<\/em> , chiaro esempio dell\u2019influenza della ritrattistica parigina di <a href=\"http:\/\/www.sba.it\/boldini-giovanni-biografia-quadri-in-vendita-valutazione-stima-perizia-certificata-di-dipinti-di-boldini-giovanni\/\">Boldini <\/a>e De Nittis, oltrech\u00e9 del \u00a0giapponismo allora di gran voga. Nel 1906 il dipinto fu presentata all\u2019Esposizione Permanente di Firenze e nel 1913 fu acquistata per 3.500 lire dalla Galleria d\u2019Arte Moderna cittadina.<\/p>\n<p style=\"text-align: justify;\">Intensa la sua presenza alle pi\u00f9 importanti mostre europee, tra cui \u00a0quella all\u2019Esposizione di Berlino, nel 1896, \u00a0e \u00a0quella a San Pietroburgo dell\u2019anno successivo. Mor\u00ec nel 1923\u00a0 per un attacco di cuore, partecipando sino all\u2019ultimo molte iniziative della Societ\u00e0 di Belle Arti a Firenze.<\/p>\n<p>&nbsp;<\/p>\n<h3><\/h3>\n<h3 style=\"font-size: 12pt;\"><a href=\"https:\/\/www.sba.it\/en\/paintings\/\">CATALOGO OPERE\u00a0<\/a> | \u00a0<a href=\"https:\/\/www.sba.it\/en\/to-sell\/\">VUOI VENDERE O COMPRARE UN QUADRO DI QUESTO ARTISTA?<\/a><\/h3>\n<p>&nbsp;<\/p>\n<p>&nbsp;<\/p>\n","protected":false},"excerpt":{"rendered":"<p>Filadelfo Simi nacque a Levigliani ( Lucca) nel 1849. Dopo aver conseguito il diploma all\u2019Accademia di Belle Arti di Firenze, [&hellip;]<\/p>\n","protected":false},"author":2,"featured_media":3304,"parent":73496,"menu_order":6,"comment_status":"closed","ping_status":"closed","template":"","meta":{"_monsterinsights_skip_tracking":false,"_monsterinsights_sitenote_active":false,"_monsterinsights_sitenote_note":"","_monsterinsights_sitenote_category":0,"footnotes":""},"class_list":["post-75718","page","type-page","status-publish","has-post-thumbnail","hentry","page_category-artists"],"yoast_head":"<!-- This site is optimized with the Yoast SEO plugin v27.5 - https:\/\/yoast.com\/product\/yoast-seo-wordpress\/ -->\n<title>Simi Filadelfo (1849-1923). Biografia. Quadri in vendita.<\/title>\n<meta name=\"description\" content=\"Filadelfo Simi leggi la vita del pittore toscano dell&#039;800, Filadelfo Simi quadri in vendita, dipinti italiani dell&#039;800 vendita e acquisto\" \/>\n<meta name=\"robots\" content=\"index, follow, max-snippet:-1, max-image-preview:large, max-video-preview:-1\" \/>\n<link rel=\"canonical\" href=\"https:\/\/www.sba.it\/en\/artists\/filadelfo-simi-biografia-quadri-vendita-stima-perizia-dipinti-filadelfo-simi\/\" \/>\n<meta property=\"og:locale\" content=\"en_US\" \/>\n<meta property=\"og:type\" content=\"article\" \/>\n<meta property=\"og:title\" content=\"Simi Filadelfo (1849-1923). Biografia. Quadri in vendita.\" \/>\n<meta property=\"og:description\" content=\"Filadelfo Simi leggi la vita del pittore toscano dell&#039;800, Filadelfo Simi quadri in vendita, dipinti italiani dell&#039;800 vendita e acquisto\" \/>\n<meta property=\"og:url\" content=\"https:\/\/www.sba.it\/en\/artists\/filadelfo-simi-biografia-quadri-vendita-stima-perizia-dipinti-filadelfo-simi\/\" \/>\n<meta property=\"og:site_name\" content=\"Societ\u00e0 di Belle Arti\" \/>\n<meta property=\"article:publisher\" content=\"https:\/\/www.facebook.com\/pitturaitaliana800e900\/\" \/>\n<meta property=\"article:modified_time\" content=\"2021-10-28T09:44:57+00:00\" \/>\n<meta property=\"og:image\" content=\"https:\/\/www.sba.it\/wp-content\/uploads\/2018\/06\/images_artisti_Filadelfo-Simi-autoritratto.jpg\" \/>\n\t<meta property=\"og:image:width\" content=\"300\" \/>\n\t<meta property=\"og:image:height\" content=\"371\" \/>\n\t<meta property=\"og:image:type\" content=\"image\/jpeg\" \/>\n<meta name=\"twitter:card\" content=\"summary_large_image\" \/>\n<meta name=\"twitter:site\" content=\"@SocietaArti\" \/>\n<meta name=\"twitter:label1\" content=\"Est. reading time\" \/>\n\t<meta name=\"twitter:data1\" content=\"2 minutes\" \/>\n<script type=\"application\/ld+json\" class=\"yoast-schema-graph\">{\"@context\":\"https:\\\/\\\/schema.org\",\"@graph\":[{\"@type\":\"WebPage\",\"@id\":\"https:\\\/\\\/www.sba.it\\\/en\\\/artists\\\/filadelfo-simi-biografia-quadri-vendita-stima-perizia-dipinti-filadelfo-simi\\\/\",\"url\":\"https:\\\/\\\/www.sba.it\\\/en\\\/artists\\\/filadelfo-simi-biografia-quadri-vendita-stima-perizia-dipinti-filadelfo-simi\\\/\",\"name\":\"Simi Filadelfo (1849-1923). Biografia. Quadri in vendita.\",\"isPartOf\":{\"@id\":\"https:\\\/\\\/www.sba.it\\\/#website\"},\"primaryImageOfPage\":{\"@id\":\"https:\\\/\\\/www.sba.it\\\/en\\\/artists\\\/filadelfo-simi-biografia-quadri-vendita-stima-perizia-dipinti-filadelfo-simi\\\/#primaryimage\"},\"image\":{\"@id\":\"https:\\\/\\\/www.sba.it\\\/en\\\/artists\\\/filadelfo-simi-biografia-quadri-vendita-stima-perizia-dipinti-filadelfo-simi\\\/#primaryimage\"},\"thumbnailUrl\":\"https:\\\/\\\/www.sba.it\\\/wp-content\\\/uploads\\\/2018\\\/06\\\/images_artisti_Filadelfo-Simi-autoritratto.jpg\",\"datePublished\":\"2018-06-06T05:37:38+00:00\",\"dateModified\":\"2021-10-28T09:44:57+00:00\",\"description\":\"Filadelfo Simi leggi la vita del pittore toscano dell'800, Filadelfo Simi quadri in vendita, dipinti italiani dell'800 vendita e acquisto\",\"breadcrumb\":{\"@id\":\"https:\\\/\\\/www.sba.it\\\/en\\\/artists\\\/filadelfo-simi-biografia-quadri-vendita-stima-perizia-dipinti-filadelfo-simi\\\/#breadcrumb\"},\"inLanguage\":\"en-US\",\"potentialAction\":[{\"@type\":\"ReadAction\",\"target\":[\"https:\\\/\\\/www.sba.it\\\/en\\\/artists\\\/filadelfo-simi-biografia-quadri-vendita-stima-perizia-dipinti-filadelfo-simi\\\/\"]}]},{\"@type\":\"ImageObject\",\"inLanguage\":\"en-US\",\"@id\":\"https:\\\/\\\/www.sba.it\\\/en\\\/artists\\\/filadelfo-simi-biografia-quadri-vendita-stima-perizia-dipinti-filadelfo-simi\\\/#primaryimage\",\"url\":\"https:\\\/\\\/www.sba.it\\\/wp-content\\\/uploads\\\/2018\\\/06\\\/images_artisti_Filadelfo-Simi-autoritratto.jpg\",\"contentUrl\":\"https:\\\/\\\/www.sba.it\\\/wp-content\\\/uploads\\\/2018\\\/06\\\/images_artisti_Filadelfo-Simi-autoritratto.jpg\",\"width\":300,\"height\":371,\"caption\":\"L'autoritratto del pittore toscano Filadelfo Simi\"},{\"@type\":\"BreadcrumbList\",\"@id\":\"https:\\\/\\\/www.sba.it\\\/en\\\/artists\\\/filadelfo-simi-biografia-quadri-vendita-stima-perizia-dipinti-filadelfo-simi\\\/#breadcrumb\",\"itemListElement\":[{\"@type\":\"ListItem\",\"position\":1,\"name\":\"Home\",\"item\":\"https:\\\/\\\/www.sba.it\\\/en\\\/\"},{\"@type\":\"ListItem\",\"position\":2,\"name\":\"Artists\",\"item\":\"https:\\\/\\\/www.sba.it\\\/en\\\/artists\\\/\"},{\"@type\":\"ListItem\",\"position\":3,\"name\":\"Simi Filadelfo (1849-1923). Biografia. Quadri in vendita.\"}]},{\"@type\":\"WebSite\",\"@id\":\"https:\\\/\\\/www.sba.it\\\/#website\",\"url\":\"https:\\\/\\\/www.sba.it\\\/\",\"name\":\"Societ\u00e0 di Belle Arti\",\"description\":\"Quadri macchiaioli e del 800 e 900 in vendita\",\"publisher\":{\"@id\":\"https:\\\/\\\/www.sba.it\\\/#organization\"},\"potentialAction\":[{\"@type\":\"SearchAction\",\"target\":{\"@type\":\"EntryPoint\",\"urlTemplate\":\"https:\\\/\\\/www.sba.it\\\/?s={search_term_string}\"},\"query-input\":{\"@type\":\"PropertyValueSpecification\",\"valueRequired\":true,\"valueName\":\"search_term_string\"}}],\"inLanguage\":\"en-US\"},{\"@type\":\"Organization\",\"@id\":\"https:\\\/\\\/www.sba.it\\\/#organization\",\"name\":\"Societ\u00e0 di Belle Arti\",\"url\":\"https:\\\/\\\/www.sba.it\\\/\",\"logo\":{\"@type\":\"ImageObject\",\"inLanguage\":\"en-US\",\"@id\":\"https:\\\/\\\/www.sba.it\\\/#\\\/schema\\\/logo\\\/image\\\/\",\"url\":\"https:\\\/\\\/www.sba.it\\\/wp-content\\\/uploads\\\/2019\\\/04\\\/Logo-rosso_nero.png\",\"contentUrl\":\"https:\\\/\\\/www.sba.it\\\/wp-content\\\/uploads\\\/2019\\\/04\\\/Logo-rosso_nero.png\",\"width\":2532,\"height\":1137,\"caption\":\"Societ\u00e0 di Belle Arti\"},\"image\":{\"@id\":\"https:\\\/\\\/www.sba.it\\\/#\\\/schema\\\/logo\\\/image\\\/\"},\"sameAs\":[\"https:\\\/\\\/www.facebook.com\\\/pitturaitaliana800e900\\\/\",\"https:\\\/\\\/x.com\\\/SocietaArti\",\"https:\\\/\\\/www.instagram.com\\\/societadibellearti\",\"https:\\\/\\\/www.linkedin.com\\\/in\\\/societ\u00e0-di-belle-arti-363aa8191\\\/\",\"https:\\\/\\\/www.youtube.com\\\/channel\\\/UC6fJlk-ajwhsnEIICATyXaQ\"]}]}<\/script>\n<!-- \/ Yoast SEO plugin. -->","yoast_head_json":{"title":"Simi Filadelfo (1849-1923). Biografia. Quadri in vendita.","description":"Filadelfo Simi leggi la vita del pittore toscano dell'800, Filadelfo Simi quadri in vendita, dipinti italiani dell'800 vendita e acquisto","robots":{"index":"index","follow":"follow","max-snippet":"max-snippet:-1","max-image-preview":"max-image-preview:large","max-video-preview":"max-video-preview:-1"},"canonical":"https:\/\/www.sba.it\/en\/artists\/filadelfo-simi-biografia-quadri-vendita-stima-perizia-dipinti-filadelfo-simi\/","og_locale":"en_US","og_type":"article","og_title":"Simi Filadelfo (1849-1923). Biografia. Quadri in vendita.","og_description":"Filadelfo Simi leggi la vita del pittore toscano dell'800, Filadelfo Simi quadri in vendita, dipinti italiani dell'800 vendita e acquisto","og_url":"https:\/\/www.sba.it\/en\/artists\/filadelfo-simi-biografia-quadri-vendita-stima-perizia-dipinti-filadelfo-simi\/","og_site_name":"Societ\u00e0 di Belle Arti","article_publisher":"https:\/\/www.facebook.com\/pitturaitaliana800e900\/","article_modified_time":"2021-10-28T09:44:57+00:00","og_image":[{"width":300,"height":371,"url":"https:\/\/www.sba.it\/wp-content\/uploads\/2018\/06\/images_artisti_Filadelfo-Simi-autoritratto.jpg","type":"image\/jpeg"}],"twitter_card":"summary_large_image","twitter_site":"@SocietaArti","twitter_misc":{"Est. reading time":"2 minutes"},"schema":{"@context":"https:\/\/schema.org","@graph":[{"@type":"WebPage","@id":"https:\/\/www.sba.it\/en\/artists\/filadelfo-simi-biografia-quadri-vendita-stima-perizia-dipinti-filadelfo-simi\/","url":"https:\/\/www.sba.it\/en\/artists\/filadelfo-simi-biografia-quadri-vendita-stima-perizia-dipinti-filadelfo-simi\/","name":"Simi Filadelfo (1849-1923). Biografia. Quadri in vendita.","isPartOf":{"@id":"https:\/\/www.sba.it\/#website"},"primaryImageOfPage":{"@id":"https:\/\/www.sba.it\/en\/artists\/filadelfo-simi-biografia-quadri-vendita-stima-perizia-dipinti-filadelfo-simi\/#primaryimage"},"image":{"@id":"https:\/\/www.sba.it\/en\/artists\/filadelfo-simi-biografia-quadri-vendita-stima-perizia-dipinti-filadelfo-simi\/#primaryimage"},"thumbnailUrl":"https:\/\/www.sba.it\/wp-content\/uploads\/2018\/06\/images_artisti_Filadelfo-Simi-autoritratto.jpg","datePublished":"2018-06-06T05:37:38+00:00","dateModified":"2021-10-28T09:44:57+00:00","description":"Filadelfo Simi leggi la vita del pittore toscano dell'800, Filadelfo Simi quadri in vendita, dipinti italiani dell'800 vendita e acquisto","breadcrumb":{"@id":"https:\/\/www.sba.it\/en\/artists\/filadelfo-simi-biografia-quadri-vendita-stima-perizia-dipinti-filadelfo-simi\/#breadcrumb"},"inLanguage":"en-US","potentialAction":[{"@type":"ReadAction","target":["https:\/\/www.sba.it\/en\/artists\/filadelfo-simi-biografia-quadri-vendita-stima-perizia-dipinti-filadelfo-simi\/"]}]},{"@type":"ImageObject","inLanguage":"en-US","@id":"https:\/\/www.sba.it\/en\/artists\/filadelfo-simi-biografia-quadri-vendita-stima-perizia-dipinti-filadelfo-simi\/#primaryimage","url":"https:\/\/www.sba.it\/wp-content\/uploads\/2018\/06\/images_artisti_Filadelfo-Simi-autoritratto.jpg","contentUrl":"https:\/\/www.sba.it\/wp-content\/uploads\/2018\/06\/images_artisti_Filadelfo-Simi-autoritratto.jpg","width":300,"height":371,"caption":"L'autoritratto del pittore toscano Filadelfo Simi"},{"@type":"BreadcrumbList","@id":"https:\/\/www.sba.it\/en\/artists\/filadelfo-simi-biografia-quadri-vendita-stima-perizia-dipinti-filadelfo-simi\/#breadcrumb","itemListElement":[{"@type":"ListItem","position":1,"name":"Home","item":"https:\/\/www.sba.it\/en\/"},{"@type":"ListItem","position":2,"name":"Artists","item":"https:\/\/www.sba.it\/en\/artists\/"},{"@type":"ListItem","position":3,"name":"Simi Filadelfo (1849-1923). Biografia. Quadri in vendita."}]},{"@type":"WebSite","@id":"https:\/\/www.sba.it\/#website","url":"https:\/\/www.sba.it\/","name":"Societ\u00e0 di Belle Arti","description":"Quadri macchiaioli e del 800 e 900 in vendita","publisher":{"@id":"https:\/\/www.sba.it\/#organization"},"potentialAction":[{"@type":"SearchAction","target":{"@type":"EntryPoint","urlTemplate":"https:\/\/www.sba.it\/?s={search_term_string}"},"query-input":{"@type":"PropertyValueSpecification","valueRequired":true,"valueName":"search_term_string"}}],"inLanguage":"en-US"},{"@type":"Organization","@id":"https:\/\/www.sba.it\/#organization","name":"Societ\u00e0 di Belle Arti","url":"https:\/\/www.sba.it\/","logo":{"@type":"ImageObject","inLanguage":"en-US","@id":"https:\/\/www.sba.it\/#\/schema\/logo\/image\/","url":"https:\/\/www.sba.it\/wp-content\/uploads\/2019\/04\/Logo-rosso_nero.png","contentUrl":"https:\/\/www.sba.it\/wp-content\/uploads\/2019\/04\/Logo-rosso_nero.png","width":2532,"height":1137,"caption":"Societ\u00e0 di Belle Arti"},"image":{"@id":"https:\/\/www.sba.it\/#\/schema\/logo\/image\/"},"sameAs":["https:\/\/www.facebook.com\/pitturaitaliana800e900\/","https:\/\/x.com\/SocietaArti","https:\/\/www.instagram.com\/societadibellearti","https:\/\/www.linkedin.com\/in\/societ\u00e0-di-belle-arti-363aa8191\/","https:\/\/www.youtube.com\/channel\/UC6fJlk-ajwhsnEIICATyXaQ"]}]}},"_links":{"self":[{"href":"https:\/\/www.sba.it\/en\/wp-json\/wp\/v2\/pages\/75718","targetHints":{"allow":["GET"]}}],"collection":[{"href":"https:\/\/www.sba.it\/en\/wp-json\/wp\/v2\/pages"}],"about":[{"href":"https:\/\/www.sba.it\/en\/wp-json\/wp\/v2\/types\/page"}],"author":[{"embeddable":true,"href":"https:\/\/www.sba.it\/en\/wp-json\/wp\/v2\/users\/2"}],"replies":[{"embeddable":true,"href":"https:\/\/www.sba.it\/en\/wp-json\/wp\/v2\/comments?post=75718"}],"version-history":[{"count":6,"href":"https:\/\/www.sba.it\/en\/wp-json\/wp\/v2\/pages\/75718\/revisions"}],"predecessor-version":[{"id":89245,"href":"https:\/\/www.sba.it\/en\/wp-json\/wp\/v2\/pages\/75718\/revisions\/89245"}],"up":[{"embeddable":true,"href":"https:\/\/www.sba.it\/en\/wp-json\/wp\/v2\/pages\/73496"}],"wp:featuredmedia":[{"embeddable":true,"href":"https:\/\/www.sba.it\/en\/wp-json\/wp\/v2\/media\/3304"}],"wp:attachment":[{"href":"https:\/\/www.sba.it\/en\/wp-json\/wp\/v2\/media?parent=75718"}],"curies":[{"name":"wp","href":"https:\/\/api.w.org\/{rel}","templated":true}]}}